{"id":6274,"date":"2025-06-02T13:52:06","date_gmt":"2025-06-02T13:52:06","guid":{"rendered":"https:\/\/usa.mirex.gob.do\/consular\/new-orleans\/?page_id=6274"},"modified":"2025-06-02T14:43:26","modified_gmt":"2025-06-02T14:43:26","slug":"perfiles-de-funcionarios","status":"publish","type":"page","link":"https:\/\/usa.mirex.gob.do\/consular\/new-orleans\/perfiles-de-funcionarios\/","title":{"rendered":"Perfiles de Funcionarios"},"content":{"rendered":"\t\t<div data-elementor-type=\"wp-page\" data-elementor-id=\"6274\" class=\"elementor elementor-6274\" data-elementor-post-type=\"page\">\n\t\t\t\t\t\t<section class=\"elementor-section elementor-top-section elementor-element elementor-element-08f1789 elementor-section-height-min-height elementor-section-boxed elementor-section-height-default elementor-section-items-middle\" data-id=\"08f1789\" data-element_type=\"section\" data-e-type=\"section\" data-settings=\"{&quot;background_background&quot;:&quot;slideshow&quot;,&quot;background_slideshow_gallery&quot;:[{&quot;id&quot;:3434,&quot;url&quot;:&quot;https:\\\/\\\/usa.mirex.gob.do\\\/consular\\\/new-york\\\/wp-content\\\/uploads\\\/2021\\\/08\\\/sliderservicios-4.png&quot;},{&quot;id&quot;:3433,&quot;url&quot;:&quot;https:\\\/\\\/usa.mirex.gob.do\\\/consular\\\/new-york\\\/wp-content\\\/uploads\\\/2021\\\/08\\\/sliderservicios-1-1.png&quot;}],&quot;background_slideshow_loop&quot;:&quot;yes&quot;,&quot;background_slideshow_slide_duration&quot;:5000,&quot;background_slideshow_slide_transition&quot;:&quot;fade&quot;,&quot;background_slideshow_transition_duration&quot;:500}\">\n\t\t\t\t\t\t\t<div class=\"elementor-background-overlay\"><\/div>\n\t\t\t\t\t\t\t<div class=\"elementor-container elementor-column-gap-default\">\n\t\t\t\t\t<div class=\"elementor-column elementor-col-100 elementor-top-column elementor-element elementor-element-c9a19e4\" data-id=\"c9a19e4\" data-element_type=\"column\" data-e-type=\"column\">\n\t\t\t<div class=\"elementor-widget-wrap elementor-element-populated\">\n\t\t\t\t\t\t<div class=\"elementor-element elementor-element-042a157 elementor-invisible elementor-widget elementor-widget-heading\" data-id=\"042a157\" data-element_type=\"widget\" data-e-type=\"widget\" data-settings=\"{&quot;_animation&quot;:&quot;fadeInDown&quot;}\" data-widget_type=\"heading.default\">\n\t\t\t\t<div class=\"elementor-widget-container\">\n\t\t\t\t\t<h2 class=\"elementor-heading-title elementor-size-medium\">SOBRE NOSOTROS<\/h2>\t\t\t\t<\/div>\n\t\t\t\t<\/div>\n\t\t\t\t<div class=\"elementor-element elementor-element-e15efb1 elementor-invisible elementor-widget elementor-widget-heading\" data-id=\"e15efb1\" data-element_type=\"widget\" data-e-type=\"widget\" data-settings=\"{&quot;_animation&quot;:&quot;fadeInDown&quot;}\" data-widget_type=\"heading.default\">\n\t\t\t\t<div class=\"elementor-widget-container\">\n\t\t\t\t\t<h2 class=\"elementor-heading-title elementor-size-default\">PERFILES DE FUNCIONARIOS<\/h2>\t\t\t\t<\/div>\n\t\t\t\t<\/div>\n\t\t\t\t\t<\/div>\n\t\t<\/div>\n\t\t\t\t\t<\/div>\n\t\t<\/section>\n\t\t\t\t<section class=\"elementor-section elementor-top-section elementor-element elementor-element-3bff9a1 breadcrumbs elementor-section-boxed elementor-section-height-default elementor-section-height-default\" data-id=\"3bff9a1\" data-element_type=\"section\" data-e-type=\"section\" data-settings=\"{&quot;background_background&quot;:&quot;classic&quot;}\">\n\t\t\t\t\t\t<div class=\"elementor-container elementor-column-gap-default\">\n\t\t\t\t\t<div class=\"elementor-column elementor-col-100 elementor-top-column elementor-element elementor-element-65784ab\" data-id=\"65784ab\" data-element_type=\"column\" data-e-type=\"column\">\n\t\t\t<div class=\"elementor-widget-wrap elementor-element-populated\">\n\t\t\t\t\t\t<div class=\"elementor-element elementor-element-f709475 elementor-widget elementor-widget-text-editor\" data-id=\"f709475\" data-element_type=\"widget\" data-e-type=\"widget\" data-widget_type=\"text-editor.default\">\n\t\t\t\t<div class=\"elementor-widget-container\">\n\t\t\t\t\t\t\t\t\t<div class=\"breadcrumbs\"><strong>Est\u00e1s aqu\u00ed: <\/strong><a class=\"crumb-inactive\" href=\"\/\">Inicio<\/a> \u00bb <a class=\"crumb-inactive\" href=\"#\">Sobre Nosotros<\/a> \u00bb <span class=\"crumb-active\">Perfiles de Funcionarios<\/span><\/div>\t\t\t\t\t\t\t\t<\/div>\n\t\t\t\t<\/div>\n\t\t\t\t\t<\/div>\n\t\t<\/div>\n\t\t\t\t\t<\/div>\n\t\t<\/section>\n\t\t\t\t<section class=\"elementor-section elementor-top-section elementor-element elementor-element-c12623b elementor-section-boxed elementor-section-height-default elementor-section-height-default\" data-id=\"c12623b\" data-element_type=\"section\" data-e-type=\"section\">\n\t\t\t\t\t\t<div class=\"elementor-container elementor-column-gap-default\">\n\t\t\t\t\t<div class=\"elementor-column elementor-col-50 elementor-top-column elementor-element elementor-element-e1e9cca elementor-hidden-tablet elementor-hidden-mobile\" data-id=\"e1e9cca\" data-element_type=\"column\" data-e-type=\"column\">\n\t\t\t<div class=\"elementor-widget-wrap elementor-element-populated\">\n\t\t\t\t\t\t<section class=\"elementor-section elementor-inner-section elementor-element elementor-element-1515a1d animated-slow elementor-section-boxed elementor-section-height-default elementor-section-height-default elementor-invisible\" data-id=\"1515a1d\" data-element_type=\"section\" data-e-type=\"section\" data-settings=\"{&quot;animation&quot;:&quot;fadeInLeft&quot;}\">\n\t\t\t\t\t\t<div class=\"elementor-container elementor-column-gap-default\">\n\t\t\t\t\t<div class=\"elementor-column elementor-col-100 elementor-inner-column elementor-element elementor-element-b83718a\" data-id=\"b83718a\" data-element_type=\"column\" data-e-type=\"column\">\n\t\t\t<div class=\"elementor-widget-wrap elementor-element-populated\">\n\t\t\t\t\t\t<div class=\"elementor-element elementor-element-ffa10f6 elementor-widget elementor-widget-heading\" data-id=\"ffa10f6\" data-element_type=\"widget\" data-e-type=\"widget\" data-widget_type=\"heading.default\">\n\t\t\t\t<div class=\"elementor-widget-container\">\n\t\t\t\t\t<h6 class=\"elementor-heading-title elementor-size-default\">ENLACES DE LA SECCI\u00d3N<\/h6>\t\t\t\t<\/div>\n\t\t\t\t<\/div>\n\t\t\t\t<div class=\"elementor-element elementor-element-f971a0a elementor-nav-menu__align-start elementor-nav-menu--dropdown-tablet elementor-nav-menu__text-align-aside elementor-nav-menu--toggle elementor-nav-menu--burger elementor-widget elementor-widget-nav-menu\" data-id=\"f971a0a\" data-element_type=\"widget\" data-e-type=\"widget\" data-settings=\"{&quot;layout&quot;:&quot;vertical&quot;,&quot;submenu_icon&quot;:{&quot;value&quot;:&quot;&lt;i class=\\&quot;fas fa-caret-down\\&quot; aria-hidden=\\&quot;true\\&quot;&gt;&lt;\\\/i&gt;&quot;,&quot;library&quot;:&quot;fa-solid&quot;},&quot;toggle&quot;:&quot;burger&quot;}\" data-widget_type=\"nav-menu.default\">\n\t\t\t\t<div class=\"elementor-widget-container\">\n\t\t\t\t\t\t\t\t<nav aria-label=\"Menu\" class=\"elementor-nav-menu--main elementor-nav-menu__container elementor-nav-menu--layout-vertical e--pointer-none\">\n\t\t\t\t<ul id=\"menu-1-f971a0a\" class=\"elementor-nav-menu sm-vertical\"><li class=\"menu-item menu-item-type-post_type menu-item-object-page menu-item-3082\"><a href=\"https:\/\/usa.mirex.gob.do\/consular\/new-orleans\/quienes-somos\/\" class=\"elementor-item menu-link\">\u00bfQui\u00e9nes Somos?<\/a><\/li>\n<li class=\"menu-item menu-item-type-post_type menu-item-object-page menu-item-3089\"><a href=\"https:\/\/usa.mirex.gob.do\/consular\/new-orleans\/historia\/\" class=\"elementor-item menu-link\">Historia<\/a><\/li>\n<li class=\"menu-item menu-item-type-post_type menu-item-object-page menu-item-3105\"><a href=\"https:\/\/usa.mirex.gob.do\/consular\/new-orleans\/organigrama\/\" class=\"elementor-item menu-link\">Organigrama<\/a><\/li>\n<li class=\"menu-item menu-item-type-post_type menu-item-object-page menu-item-3121\"><a href=\"https:\/\/usa.mirex.gob.do\/consular\/new-orleans\/consul-general\/\" class=\"elementor-item menu-link\">Despacho del C\u00f3nsul<\/a><\/li>\n<li class=\"menu-item menu-item-type-post_type menu-item-object-page menu-item-6300\"><a href=\"https:\/\/usa.mirex.gob.do\/consular\/new-orleans\/perfiles-de-funcionarios\/\" class=\"elementor-item menu-link\">Perfiles de Funcionarios<\/a><\/li>\n<li class=\"menu-item menu-item-type-post_type menu-item-object-page menu-item-6320\"><a href=\"https:\/\/usa.mirex.gob.do\/consular\/new-orleans\/jurisdicciones\/\" class=\"elementor-item menu-link\">Jurisdicciones<\/a><\/li>\n<li class=\"menu-item menu-item-type-post_type menu-item-object-page menu-item-3142\"><a href=\"https:\/\/usa.mirex.gob.do\/consular\/new-orleans\/marco-legal\/\" class=\"elementor-item menu-link\">Marco Legal<\/a><\/li>\n<\/ul>\t\t\t<\/nav>\n\t\t\t\t\t<div class=\"elementor-menu-toggle\" role=\"button\" tabindex=\"0\" aria-label=\"Menu Toggle\" aria-expanded=\"false\">\n\t\t\t<i aria-hidden=\"true\" role=\"presentation\" class=\"elementor-menu-toggle__icon--open eicon-menu-bar\"><\/i><i aria-hidden=\"true\" role=\"presentation\" class=\"elementor-menu-toggle__icon--close eicon-close\"><\/i>\t\t<\/div>\n\t\t\t\t\t<nav class=\"elementor-nav-menu--dropdown elementor-nav-menu__container\" aria-hidden=\"true\">\n\t\t\t\t<ul id=\"menu-2-f971a0a\" class=\"elementor-nav-menu sm-vertical\"><li class=\"menu-item menu-item-type-post_type menu-item-object-page menu-item-3082\"><a href=\"https:\/\/usa.mirex.gob.do\/consular\/new-orleans\/quienes-somos\/\" class=\"elementor-item menu-link\" tabindex=\"-1\">\u00bfQui\u00e9nes Somos?<\/a><\/li>\n<li class=\"menu-item menu-item-type-post_type menu-item-object-page menu-item-3089\"><a href=\"https:\/\/usa.mirex.gob.do\/consular\/new-orleans\/historia\/\" class=\"elementor-item menu-link\" tabindex=\"-1\">Historia<\/a><\/li>\n<li class=\"menu-item menu-item-type-post_type menu-item-object-page menu-item-3105\"><a href=\"https:\/\/usa.mirex.gob.do\/consular\/new-orleans\/organigrama\/\" class=\"elementor-item menu-link\" tabindex=\"-1\">Organigrama<\/a><\/li>\n<li class=\"menu-item menu-item-type-post_type menu-item-object-page menu-item-3121\"><a href=\"https:\/\/usa.mirex.gob.do\/consular\/new-orleans\/consul-general\/\" class=\"elementor-item menu-link\" tabindex=\"-1\">Despacho del C\u00f3nsul<\/a><\/li>\n<li class=\"menu-item menu-item-type-post_type menu-item-object-page menu-item-6300\"><a href=\"https:\/\/usa.mirex.gob.do\/consular\/new-orleans\/perfiles-de-funcionarios\/\" class=\"elementor-item menu-link\" tabindex=\"-1\">Perfiles de Funcionarios<\/a><\/li>\n<li class=\"menu-item menu-item-type-post_type menu-item-object-page menu-item-6320\"><a href=\"https:\/\/usa.mirex.gob.do\/consular\/new-orleans\/jurisdicciones\/\" class=\"elementor-item menu-link\" tabindex=\"-1\">Jurisdicciones<\/a><\/li>\n<li class=\"menu-item menu-item-type-post_type menu-item-object-page menu-item-3142\"><a href=\"https:\/\/usa.mirex.gob.do\/consular\/new-orleans\/marco-legal\/\" class=\"elementor-item menu-link\" tabindex=\"-1\">Marco Legal<\/a><\/li>\n<\/ul>\t\t\t<\/nav>\n\t\t\t\t\t\t<\/div>\n\t\t\t\t<\/div>\n\t\t\t\t\t<\/div>\n\t\t<\/div>\n\t\t\t\t\t<\/div>\n\t\t<\/section>\n\t\t\t\t\t<\/div>\n\t\t<\/div>\n\t\t\t\t<div class=\"elementor-column elementor-col-50 elementor-top-column elementor-element elementor-element-15b3942 elementor-invisible\" data-id=\"15b3942\" data-element_type=\"column\" data-e-type=\"column\" data-settings=\"{&quot;background_background&quot;:&quot;classic&quot;,&quot;animation&quot;:&quot;fadeInUp&quot;}\">\n\t\t\t<div class=\"elementor-widget-wrap elementor-element-populated\">\n\t\t\t\t\t\t<div class=\"elementor-element elementor-element-e369b1f elementor-share-buttons--skin-boxed elementor-share-buttons--color-custom elementor-share-buttons--view-icon-text elementor-share-buttons--shape-square elementor-grid-0 elementor-widget elementor-widget-share-buttons\" data-id=\"e369b1f\" data-element_type=\"widget\" data-e-type=\"widget\" data-widget_type=\"share-buttons.default\">\n\t\t\t\t<div class=\"elementor-widget-container\">\n\t\t\t\t\t\t\t<div class=\"elementor-grid\" role=\"list\">\n\t\t\t\t\t\t\t\t<div class=\"elementor-grid-item\" role=\"listitem\">\n\t\t\t\t\t\t<div class=\"elementor-share-btn elementor-share-btn_print\" role=\"button\" tabindex=\"0\" aria-label=\"Share on print\">\n\t\t\t\t\t\t\t\t\t\t\t\t\t\t\t<span class=\"elementor-share-btn__icon\">\n\t\t\t\t\t\t\t\t<i class=\"fas fa-print\" aria-hidden=\"true\"><\/i>\t\t\t\t\t\t\t<\/span>\n\t\t\t\t\t\t\t\t\t\t\t\t\t\t\t\t\t\t\t\t\t\t<div class=\"elementor-share-btn__text\">\n\t\t\t\t\t\t\t\t\t\t\t\t\t\t\t\t\t\t\t<span class=\"elementor-share-btn__title\">\n\t\t\t\t\t\t\t\t\t\tImprimir\t\t\t\t\t\t\t\t\t<\/span>\n\t\t\t\t\t\t\t\t\t\t\t\t\t\t\t\t\t<\/div>\n\t\t\t\t\t\t\t\t\t\t\t\t\t<\/div>\n\t\t\t\t\t<\/div>\n\t\t\t\t\t\t\t\t\t<div class=\"elementor-grid-item\" role=\"listitem\">\n\t\t\t\t\t\t<div class=\"elementor-share-btn elementor-share-btn_email\" role=\"button\" tabindex=\"0\" aria-label=\"Share on email\">\n\t\t\t\t\t\t\t\t\t\t\t\t\t\t\t<span class=\"elementor-share-btn__icon\">\n\t\t\t\t\t\t\t\t<i class=\"fas fa-envelope\" aria-hidden=\"true\"><\/i>\t\t\t\t\t\t\t<\/span>\n\t\t\t\t\t\t\t\t\t\t\t\t\t\t\t\t\t\t\t\t\t\t<div class=\"elementor-share-btn__text\">\n\t\t\t\t\t\t\t\t\t\t\t\t\t\t\t\t\t\t\t<span class=\"elementor-share-btn__title\">\n\t\t\t\t\t\t\t\t\t\tCorreo Electr\u00f3nico\t\t\t\t\t\t\t\t\t<\/span>\n\t\t\t\t\t\t\t\t\t\t\t\t\t\t\t\t\t<\/div>\n\t\t\t\t\t\t\t\t\t\t\t\t\t<\/div>\n\t\t\t\t\t<\/div>\n\t\t\t\t\t\t<\/div>\n\t\t\t\t\t\t<\/div>\n\t\t\t\t<\/div>\n\t\t\t\t<section class=\"elementor-section elementor-inner-section elementor-element elementor-element-71ecc32 elementor-section-boxed elementor-section-height-default elementor-section-height-default\" data-id=\"71ecc32\" data-element_type=\"section\" data-e-type=\"section\">\n\t\t\t\t\t\t<div class=\"elementor-container elementor-column-gap-default\">\n\t\t\t\t\t<div class=\"elementor-column elementor-col-33 elementor-inner-column elementor-element elementor-element-f9b79bc\" data-id=\"f9b79bc\" data-element_type=\"column\" data-e-type=\"column\">\n\t\t\t<div class=\"elementor-widget-wrap elementor-element-populated\">\n\t\t\t\t\t\t<div class=\"elementor-element elementor-element-4ea9718 elementor-cta--valign-top elementor-cta--skin-classic elementor-animated-content elementor-bg-transform elementor-bg-transform-zoom-in elementor-widget elementor-widget-call-to-action\" data-id=\"4ea9718\" data-element_type=\"widget\" data-e-type=\"widget\" data-widget_type=\"call-to-action.default\">\n\t\t\t\t<div class=\"elementor-widget-container\">\n\t\t\t\t\t\t\t<a class=\"elementor-cta\" href=\"\/consular\/new-orleans\/wp-content\/uploads\/2025\/06\/Viceconsul-Miguel-Santana.pdf\">\n\t\t\t\t\t\t\t<div class=\"elementor-cta__content\">\n\t\t\t\t\n\t\t\t\t\t\t\t\t\t<h5 class=\"elementor-cta__title elementor-cta__content-item elementor-content-item\">\n\t\t\t\t\t\tMiguel Santana\t\t\t\t\t<\/h5>\n\t\t\t\t\n\t\t\t\t\t\t\t\t\t<div class=\"elementor-cta__description elementor-cta__content-item elementor-content-item\">\n\t\t\t\t\t\tVicec\u00f3nsul - Encargado de la Secci\u00f3n Comercial\t\t\t\t\t<\/div>\n\t\t\t\t\n\t\t\t\t\t\t\t<\/div>\n\t\t\t\t\t\t<\/a>\n\t\t\t\t\t\t<\/div>\n\t\t\t\t<\/div>\n\t\t\t\t\t<\/div>\n\t\t<\/div>\n\t\t\t\t<div class=\"elementor-column elementor-col-33 elementor-inner-column elementor-element elementor-element-7308fb8\" data-id=\"7308fb8\" data-element_type=\"column\" data-e-type=\"column\">\n\t\t\t<div class=\"elementor-widget-wrap elementor-element-populated\">\n\t\t\t\t\t\t<div class=\"elementor-element elementor-element-4ba21ee elementor-cta--valign-top elementor-cta--skin-classic elementor-animated-content elementor-bg-transform elementor-bg-transform-zoom-in elementor-widget elementor-widget-call-to-action\" data-id=\"4ba21ee\" data-element_type=\"widget\" data-e-type=\"widget\" data-widget_type=\"call-to-action.default\">\n\t\t\t\t<div class=\"elementor-widget-container\">\n\t\t\t\t\t\t\t<a class=\"elementor-cta\" href=\"\/consular\/new-orleans\/wp-content\/uploads\/2025\/06\/Viceconsul-Tammy-Gisela-Peralta-Vasquez.pdf\">\n\t\t\t\t\t\t\t<div class=\"elementor-cta__content\">\n\t\t\t\t\n\t\t\t\t\t\t\t\t\t<h5 class=\"elementor-cta__title elementor-cta__content-item elementor-content-item\">\n\t\t\t\t\t\tTammy Gisela Peralta V\u00e1squez\t\t\t\t\t<\/h5>\n\t\t\t\t\n\t\t\t\t\t\t\t\t\t<div class=\"elementor-cta__description elementor-cta__content-item elementor-content-item\">\n\t\t\t\t\t\tVicec\u00f3nsul - Encargada de Protecci\u00f3n a Nacionales\t\t\t\t\t<\/div>\n\t\t\t\t\n\t\t\t\t\t\t\t<\/div>\n\t\t\t\t\t\t<\/a>\n\t\t\t\t\t\t<\/div>\n\t\t\t\t<\/div>\n\t\t\t\t\t<\/div>\n\t\t<\/div>\n\t\t\t\t<div class=\"elementor-column elementor-col-33 elementor-inner-column elementor-element elementor-element-0dd7f26\" data-id=\"0dd7f26\" data-element_type=\"column\" data-e-type=\"column\">\n\t\t\t<div class=\"elementor-widget-wrap elementor-element-populated\">\n\t\t\t\t\t\t<div class=\"elementor-element elementor-element-e4c89f4 elementor-cta--valign-top elementor-cta--skin-classic elementor-animated-content elementor-bg-transform elementor-bg-transform-zoom-in elementor-widget elementor-widget-call-to-action\" data-id=\"e4c89f4\" data-element_type=\"widget\" data-e-type=\"widget\" data-widget_type=\"call-to-action.default\">\n\t\t\t\t<div class=\"elementor-widget-container\">\n\t\t\t\t\t\t\t<a class=\"elementor-cta\" href=\"\/consular\/new-orleans\/wp-content\/uploads\/2025\/06\/Viceconsul-Dra.-Maria-Estela-Minyetty-Baez.pdf\">\n\t\t\t\t\t\t\t<div class=\"elementor-cta__content\">\n\t\t\t\t\n\t\t\t\t\t\t\t\t\t<h5 class=\"elementor-cta__title elementor-cta__content-item elementor-content-item\">\n\t\t\t\t\t\tDra. Mar\u00eda Estela Minyetty B\u00e1ez\t\t\t\t\t<\/h5>\n\t\t\t\t\n\t\t\t\t\t\t\t\t\t<div class=\"elementor-cta__description elementor-cta__content-item elementor-content-item\">\n\t\t\t\t\t\tVicec\u00f3nsul - Encargada del \u00c1rea de Pasaportes y Coordinaci\u00f3n de Documentos\t\t\t\t\t<\/div>\n\t\t\t\t\n\t\t\t\t\t\t\t<\/div>\n\t\t\t\t\t\t<\/a>\n\t\t\t\t\t\t<\/div>\n\t\t\t\t<\/div>\n\t\t\t\t\t<\/div>\n\t\t<\/div>\n\t\t\t\t\t<\/div>\n\t\t<\/section>\n\t\t\t\t<section class=\"elementor-section elementor-inner-section elementor-element elementor-element-2c8d15e elementor-section-boxed elementor-section-height-default elementor-section-height-default\" data-id=\"2c8d15e\" data-element_type=\"section\" data-e-type=\"section\">\n\t\t\t\t\t\t<div class=\"elementor-container elementor-column-gap-default\">\n\t\t\t\t\t<div class=\"elementor-column elementor-col-33 elementor-inner-column elementor-element elementor-element-ca90d7b\" data-id=\"ca90d7b\" data-element_type=\"column\" data-e-type=\"column\">\n\t\t\t<div class=\"elementor-widget-wrap elementor-element-populated\">\n\t\t\t\t\t\t<div class=\"elementor-element elementor-element-a45ecc8 elementor-cta--valign-top elementor-cta--skin-classic elementor-animated-content elementor-bg-transform elementor-bg-transform-zoom-in elementor-widget elementor-widget-call-to-action\" data-id=\"a45ecc8\" data-element_type=\"widget\" data-e-type=\"widget\" data-widget_type=\"call-to-action.default\">\n\t\t\t\t<div class=\"elementor-widget-container\">\n\t\t\t\t\t\t\t<a class=\"elementor-cta\" href=\"\/consular\/new-orleans\/wp-content\/uploads\/2025\/06\/Viceconsul-Pierpaolo-Filosa-Estrella.pdf\">\n\t\t\t\t\t\t\t<div class=\"elementor-cta__content\">\n\t\t\t\t\n\t\t\t\t\t\t\t\t\t<h5 class=\"elementor-cta__title elementor-cta__content-item elementor-content-item\">\n\t\t\t\t\t\tPierpaolo Filosa Estrella\t\t\t\t\t<\/h5>\n\t\t\t\t\n\t\t\t\t\t\t\t\t\t<div class=\"elementor-cta__description elementor-cta__content-item elementor-content-item\">\n\t\t\t\t\t\tVicec\u00f3nsul - Encargado del Departamento de Visas y POA\t\t\t\t\t<\/div>\n\t\t\t\t\n\t\t\t\t\t\t\t<\/div>\n\t\t\t\t\t\t<\/a>\n\t\t\t\t\t\t<\/div>\n\t\t\t\t<\/div>\n\t\t\t\t\t<\/div>\n\t\t<\/div>\n\t\t\t\t<div class=\"elementor-column elementor-col-33 elementor-inner-column elementor-element elementor-element-2d88968\" data-id=\"2d88968\" data-element_type=\"column\" data-e-type=\"column\">\n\t\t\t<div class=\"elementor-widget-wrap elementor-element-populated\">\n\t\t\t\t\t\t<div class=\"elementor-element elementor-element-52fcf3b elementor-cta--valign-top elementor-cta--skin-classic elementor-animated-content elementor-bg-transform elementor-bg-transform-zoom-in elementor-widget elementor-widget-call-to-action\" data-id=\"52fcf3b\" data-element_type=\"widget\" data-e-type=\"widget\" data-widget_type=\"call-to-action.default\">\n\t\t\t\t<div class=\"elementor-widget-container\">\n\t\t\t\t\t\t\t<a class=\"elementor-cta\" href=\"\/consular\/new-orleans\/wp-content\/uploads\/2025\/06\/Viceconsul-Carolina-Franco-Queliz.pdf\">\n\t\t\t\t\t\t\t<div class=\"elementor-cta__content\">\n\t\t\t\t\n\t\t\t\t\t\t\t\t\t<h5 class=\"elementor-cta__title elementor-cta__content-item elementor-content-item\">\n\t\t\t\t\t\tCarolina Franco Qu\u00e9liz\t\t\t\t\t<\/h5>\n\t\t\t\t\n\t\t\t\t\t\t\t\t\t<div class=\"elementor-cta__description elementor-cta__content-item elementor-content-item\">\n\t\t\t\t\t\tVicec\u00f3nsul - Encargada del \u00c1rea de Cartas de Ruta\t\t\t\t\t<\/div>\n\t\t\t\t\n\t\t\t\t\t\t\t<\/div>\n\t\t\t\t\t\t<\/a>\n\t\t\t\t\t\t<\/div>\n\t\t\t\t<\/div>\n\t\t\t\t\t<\/div>\n\t\t<\/div>\n\t\t\t\t<div class=\"elementor-column elementor-col-33 elementor-inner-column elementor-element elementor-element-14d7f4d\" data-id=\"14d7f4d\" data-element_type=\"column\" data-e-type=\"column\">\n\t\t\t<div class=\"elementor-widget-wrap elementor-element-populated\">\n\t\t\t\t\t\t<div class=\"elementor-element elementor-element-8bb2c59 elementor-cta--valign-top elementor-cta--skin-classic elementor-animated-content elementor-bg-transform elementor-bg-transform-zoom-in elementor-widget elementor-widget-call-to-action\" data-id=\"8bb2c59\" data-element_type=\"widget\" data-e-type=\"widget\" data-widget_type=\"call-to-action.default\">\n\t\t\t\t<div class=\"elementor-widget-container\">\n\t\t\t\t\t\t\t<a class=\"elementor-cta\" href=\"\/consular\/new-orleans\/wp-content\/uploads\/2025\/06\/Auxiliar-Consular-Kamill-Perez.pdf\">\n\t\t\t\t\t\t\t<div class=\"elementor-cta__content\">\n\t\t\t\t\n\t\t\t\t\t\t\t\t\t<h5 class=\"elementor-cta__title elementor-cta__content-item elementor-content-item\">\n\t\t\t\t\t\tKamill P\u00e9rez\t\t\t\t\t<\/h5>\n\t\t\t\t\n\t\t\t\t\t\t\t\t\t<div class=\"elementor-cta__description elementor-cta__content-item elementor-content-item\">\n\t\t\t\t\t\tAuxiliar Consular \u2013 Encargada de Marketing y Comunicaci\u00f3n\t\t\t\t\t<\/div>\n\t\t\t\t\n\t\t\t\t\t\t\t<\/div>\n\t\t\t\t\t\t<\/a>\n\t\t\t\t\t\t<\/div>\n\t\t\t\t<\/div>\n\t\t\t\t\t<\/div>\n\t\t<\/div>\n\t\t\t\t\t<\/div>\n\t\t<\/section>\n\t\t\t\t<section class=\"elementor-section elementor-inner-section elementor-element elementor-element-01bf641 elementor-section-boxed elementor-section-height-default elementor-section-height-default\" data-id=\"01bf641\" data-element_type=\"section\" data-e-type=\"section\">\n\t\t\t\t\t\t<div class=\"elementor-container elementor-column-gap-default\">\n\t\t\t\t\t<div class=\"elementor-column elementor-col-33 elementor-inner-column elementor-element elementor-element-fc31602\" data-id=\"fc31602\" data-element_type=\"column\" data-e-type=\"column\">\n\t\t\t<div class=\"elementor-widget-wrap elementor-element-populated\">\n\t\t\t\t\t\t<div class=\"elementor-element elementor-element-d74b585 elementor-cta--valign-top elementor-cta--skin-classic elementor-animated-content elementor-bg-transform elementor-bg-transform-zoom-in elementor-widget elementor-widget-call-to-action\" data-id=\"d74b585\" data-element_type=\"widget\" data-e-type=\"widget\" data-widget_type=\"call-to-action.default\">\n\t\t\t\t<div class=\"elementor-widget-container\">\n\t\t\t\t\t\t\t<a class=\"elementor-cta\" href=\"\/consular\/new-orleans\/wp-content\/uploads\/2025\/06\/Auxiliar-Consular-Mario-Emilio-Pena.pdf\">\n\t\t\t\t\t\t\t<div class=\"elementor-cta__content\">\n\t\t\t\t\n\t\t\t\t\t\t\t\t\t<h5 class=\"elementor-cta__title elementor-cta__content-item elementor-content-item\">\n\t\t\t\t\t\tMario Emilio Pe\u00f1a\t\t\t\t\t<\/h5>\n\t\t\t\t\n\t\t\t\t\t\t\t\t\t<div class=\"elementor-cta__description elementor-cta__content-item elementor-content-item\">\n\t\t\t\t\t\tAuxiliar Consular - Soporte T\u00e9cnico y Servicios a Nacionales\t\t\t\t\t<\/div>\n\t\t\t\t\n\t\t\t\t\t\t\t<\/div>\n\t\t\t\t\t\t<\/a>\n\t\t\t\t\t\t<\/div>\n\t\t\t\t<\/div>\n\t\t\t\t\t<\/div>\n\t\t<\/div>\n\t\t\t\t<div class=\"elementor-column elementor-col-33 elementor-inner-column elementor-element elementor-element-881995c\" data-id=\"881995c\" data-element_type=\"column\" data-e-type=\"column\">\n\t\t\t<div class=\"elementor-widget-wrap elementor-element-populated\">\n\t\t\t\t\t\t<div class=\"elementor-element elementor-element-606a0db elementor-cta--valign-top elementor-cta--skin-classic elementor-animated-content elementor-bg-transform elementor-bg-transform-zoom-in elementor-widget elementor-widget-call-to-action\" data-id=\"606a0db\" data-element_type=\"widget\" data-e-type=\"widget\" data-widget_type=\"call-to-action.default\">\n\t\t\t\t<div class=\"elementor-widget-container\">\n\t\t\t\t\t\t\t<a class=\"elementor-cta\" href=\"\/consular\/new-orleans\/wp-content\/uploads\/2025\/06\/Manuel-Alberto-Marquez-Reyes.pdf\">\n\t\t\t\t\t\t\t<div class=\"elementor-cta__content\">\n\t\t\t\t\n\t\t\t\t\t\t\t\t\t<h5 class=\"elementor-cta__title elementor-cta__content-item elementor-content-item\">\n\t\t\t\t\t\tManuel Alberto M\u00e1rquez Reyes\t\t\t\t\t<\/h5>\n\t\t\t\t\n\t\t\t\t\t\t\t\t\t<div class=\"elementor-cta__description elementor-cta__content-item elementor-content-item\">\n\t\t\t\t\t\tEncargado de Tr\u00e1mites de C\u00e9dula, Actas y Procesos de la Junta Central Electoral\t\t\t\t\t<\/div>\n\t\t\t\t\n\t\t\t\t\t\t\t<\/div>\n\t\t\t\t\t\t<\/a>\n\t\t\t\t\t\t<\/div>\n\t\t\t\t<\/div>\n\t\t\t\t\t<\/div>\n\t\t<\/div>\n\t\t\t\t<div class=\"elementor-column elementor-col-33 elementor-inner-column elementor-element elementor-element-cdecfc4\" data-id=\"cdecfc4\" data-element_type=\"column\" data-e-type=\"column\">\n\t\t\t<div class=\"elementor-widget-wrap elementor-element-populated\">\n\t\t\t\t\t\t<div class=\"elementor-element elementor-element-1a4da36 elementor-cta--valign-top elementor-cta--skin-classic elementor-animated-content elementor-bg-transform elementor-bg-transform-zoom-in elementor-widget elementor-widget-call-to-action\" data-id=\"1a4da36\" data-element_type=\"widget\" data-e-type=\"widget\" data-widget_type=\"call-to-action.default\">\n\t\t\t\t<div class=\"elementor-widget-container\">\n\t\t\t\t\t\t\t<a class=\"elementor-cta\" href=\"\/consular\/new-orleans\/wp-content\/uploads\/2025\/06\/Rosa-Emilia-Cedeno.pdf\">\n\t\t\t\t\t\t\t<div class=\"elementor-cta__content\">\n\t\t\t\t\n\t\t\t\t\t\t\t\t\t<h5 class=\"elementor-cta__title elementor-cta__content-item elementor-content-item\">\n\t\t\t\t\t\tRosa Emilia Cede\u00f1o\t\t\t\t\t<\/h5>\n\t\t\t\t\n\t\t\t\t\t\t\t\t\t<div class=\"elementor-cta__description elementor-cta__content-item elementor-content-item\">\n\t\t\t\t\t\tEncargada Administrativa\t\t\t\t\t<\/div>\n\t\t\t\t\n\t\t\t\t\t\t\t<\/div>\n\t\t\t\t\t\t<\/a>\n\t\t\t\t\t\t<\/div>\n\t\t\t\t<\/div>\n\t\t\t\t\t<\/div>\n\t\t<\/div>\n\t\t\t\t\t<\/div>\n\t\t<\/section>\n\t\t\t\t\t<\/div>\n\t\t<\/div>\n\t\t\t\t\t<\/div>\n\t\t<\/section>\n\t\t\t\t<section class=\"elementor-section elementor-top-section elementor-element elementor-element-5454c25 elementor-section-boxed elementor-section-height-default elementor-section-height-default\" data-id=\"5454c25\" data-element_type=\"section\" data-e-type=\"section\">\n\t\t\t\t\t\t<div class=\"elementor-container elementor-column-gap-default\">\n\t\t\t\t\t<div class=\"elementor-column elementor-col-100 elementor-top-column elementor-element elementor-element-1ad7c1a\" data-id=\"1ad7c1a\" data-element_type=\"column\" data-e-type=\"column\">\n\t\t\t<div class=\"elementor-widget-wrap elementor-element-populated\">\n\t\t\t\t\t\t<div class=\"elementor-element elementor-element-71d32f7 elementor-widget elementor-widget-spacer\" data-id=\"71d32f7\" data-element_type=\"widget\" data-e-type=\"widget\" data-widget_type=\"spacer.default\">\n\t\t\t\t<div class=\"elementor-widget-container\">\n\t\t\t\t\t\t\t<div class=\"elementor-spacer\">\n\t\t\t<div class=\"elementor-spacer-inner\"><\/div>\n\t\t<\/div>\n\t\t\t\t\t\t<\/div>\n\t\t\t\t<\/div>\n\t\t\t\t\t<\/div>\n\t\t<\/div>\n\t\t\t\t\t<\/div>\n\t\t<\/section>\n\t\t\t\t<\/div>\n\t\t","protected":false},"excerpt":{"rendered":"<p>SOBRE NOSOTROS PERFILES DE FUNCIONARIOS Est\u00e1s aqu\u00ed: Inicio \u00bb Sobre Nosotros \u00bb Perfiles de Funcionarios ENLACES DE LA SECCI\u00d3N Imprimir Correo Electr\u00f3nico Miguel Santana Vicec\u00f3nsul &#8211; Encargado de la Secci\u00f3n Comercial Tammy Gisela Peralta V\u00e1squez Vicec\u00f3nsul &#8211; Encargada de Protecci\u00f3n a Nacionales Dra. Mar\u00eda Estela Minyetty B\u00e1ez Vicec\u00f3nsul &#8211; Encargada del \u00c1rea de Pasaportes y [&hellip;]<\/p>\n","protected":false},"author":1,"featured_media":0,"parent":0,"menu_order":0,"comment_status":"closed","ping_status":"closed","template":"","meta":{"site-sidebar-layout":"no-sidebar","site-content-layout":"page-builder","ast-site-content-layout":"full-width-container","site-content-style":"unboxed","site-sidebar-style":"unboxed","ast-global-header-display":"","ast-banner-title-visibility":"","ast-main-header-display":"","ast-hfb-above-header-display":"","ast-hfb-below-header-display":"","ast-hfb-mobile-header-display":"","site-post-title":"disabled","ast-breadcrumbs-content":"","ast-featured-img":"disabled","footer-sml-layout":"","ast-disable-related-posts":"","theme-transparent-header-meta":"default","adv-header-id-meta":"","stick-header-meta":"","header-above-stick-meta":"","header-main-stick-meta":"","header-below-stick-meta":"","astra-migrate-meta-layouts":"set","ast-page-background-enabled":"default","ast-page-background-meta":{"desktop":{"background-color":"","background-image":"","background-repeat":"repeat","background-position":"center center","background-size":"auto","background-attachment":"scroll","background-type":"","background-media":"","overlay-type":"","overlay-color":"","overlay-opacity":"","overlay-gradient":""},"tablet":{"background-color":"","background-image":"","background-repeat":"repeat","background-position":"center center","background-size":"auto","background-attachment":"scroll","background-type":"","background-media":"","overlay-type":"","overlay-color":"","overlay-opacity":"","overlay-gradient":""},"mobile":{"background-color":"","background-image":"","background-repeat":"repeat","background-position":"center center","background-size":"auto","background-attachment":"scroll","background-type":"","background-media":"","overlay-type":"","overlay-color":"","overlay-opacity":"","overlay-gradient":""}},"ast-content-background-meta":{"desktop":{"background-color":"var(--ast-global-color-5)","background-image":"","background-repeat":"repeat","background-position":"center center","background-size":"auto","background-attachment":"scroll","background-type":"","background-media":"","overlay-type":"","overlay-color":"","overlay-opacity":"","overlay-gradient":""},"tablet":{"background-color":"var(--ast-global-color-5)","background-image":"","background-repeat":"repeat","background-position":"center center","background-size":"auto","background-attachment":"scroll","background-type":"","background-media":"","overlay-type":"","overlay-color":"","overlay-opacity":"","overlay-gradient":""},"mobile":{"background-color":"var(--ast-global-color-5)","background-image":"","background-repeat":"repeat","background-position":"center center","background-size":"auto","background-attachment":"scroll","background-type":"","background-media":"","overlay-type":"","overlay-color":"","overlay-opacity":"","overlay-gradient":""}},"footnotes":""},"categories":[36],"tags":[],"class_list":["post-6274","page","type-page","status-publish","hentry","category-sobre-nosotros"],"yoast_head":"<!-- This site is optimized with the Yoast SEO plugin v27.4 - https:\/\/yoast.com\/product\/yoast-seo-wordpress\/ -->\n<title>Perfiles de Funcionarios - Consulado General de la Rep\u00fablica Dominicana en New Orleans, Louisiana, EE. UU.<\/title>\n<meta name=\"robots\" content=\"index, follow, max-snippet:-1, max-image-preview:large, max-video-preview:-1\" \/>\n<link rel=\"canonical\" href=\"https:\/\/usa.mirex.gob.do\/consular\/new-orleans\/perfiles-de-funcionarios\/\" \/>\n<meta property=\"og:locale\" content=\"en_US\" \/>\n<meta property=\"og:type\" content=\"article\" \/>\n<meta property=\"og:title\" content=\"Perfiles de Funcionarios - Consulado General de la Rep\u00fablica Dominicana en New Orleans, Louisiana, EE. UU.\" \/>\n<meta property=\"og:description\" content=\"SOBRE NOSOTROS PERFILES DE FUNCIONARIOS Est\u00e1s aqu\u00ed: Inicio \u00bb Sobre Nosotros \u00bb Perfiles de Funcionarios ENLACES DE LA SECCI\u00d3N Imprimir Correo Electr\u00f3nico Miguel Santana Vicec\u00f3nsul &#8211; Encargado de la Secci\u00f3n Comercial Tammy Gisela Peralta V\u00e1squez Vicec\u00f3nsul &#8211; Encargada de Protecci\u00f3n a Nacionales Dra. Mar\u00eda Estela Minyetty B\u00e1ez Vicec\u00f3nsul &#8211; Encargada del \u00c1rea de Pasaportes y [&hellip;]\" \/>\n<meta property=\"og:url\" content=\"https:\/\/usa.mirex.gob.do\/consular\/new-orleans\/perfiles-de-funcionarios\/\" \/>\n<meta property=\"og:site_name\" content=\"Consulado General de la Rep\u00fablica Dominicana en New Orleans, Louisiana, EE. UU.\" \/>\n<meta property=\"article:modified_time\" content=\"2025-06-02T14:43:26+00:00\" \/>\n<meta name=\"twitter:card\" content=\"summary_large_image\" \/>\n<meta name=\"twitter:label1\" content=\"Est. reading time\" \/>\n\t<meta name=\"twitter:data1\" content=\"1 minute\" \/>\n<script type=\"application\/ld+json\" class=\"yoast-schema-graph\">{\"@context\":\"https:\\\/\\\/schema.org\",\"@graph\":[{\"@type\":\"WebPage\",\"@id\":\"https:\\\/\\\/usa.mirex.gob.do\\\/consular\\\/new-orleans\\\/perfiles-de-funcionarios\\\/\",\"url\":\"https:\\\/\\\/usa.mirex.gob.do\\\/consular\\\/new-orleans\\\/perfiles-de-funcionarios\\\/\",\"name\":\"Perfiles de Funcionarios - Consulado General de la Rep\u00fablica Dominicana en New Orleans, Louisiana, EE. UU.\",\"isPartOf\":{\"@id\":\"https:\\\/\\\/usa.mirex.gob.do\\\/consular\\\/new-orleans\\\/#website\"},\"datePublished\":\"2025-06-02T13:52:06+00:00\",\"dateModified\":\"2025-06-02T14:43:26+00:00\",\"breadcrumb\":{\"@id\":\"https:\\\/\\\/usa.mirex.gob.do\\\/consular\\\/new-orleans\\\/perfiles-de-funcionarios\\\/#breadcrumb\"},\"inLanguage\":\"en-US\",\"potentialAction\":[{\"@type\":\"ReadAction\",\"target\":[\"https:\\\/\\\/usa.mirex.gob.do\\\/consular\\\/new-orleans\\\/perfiles-de-funcionarios\\\/\"]}]},{\"@type\":\"BreadcrumbList\",\"@id\":\"https:\\\/\\\/usa.mirex.gob.do\\\/consular\\\/new-orleans\\\/perfiles-de-funcionarios\\\/#breadcrumb\",\"itemListElement\":[{\"@type\":\"ListItem\",\"position\":1,\"name\":\"Inicio\",\"item\":\"https:\\\/\\\/usa.mirex.gob.do\\\/consular\\\/new-orleans\\\/\"},{\"@type\":\"ListItem\",\"position\":2,\"name\":\"Perfiles de Funcionarios\"}]},{\"@type\":\"WebSite\",\"@id\":\"https:\\\/\\\/usa.mirex.gob.do\\\/consular\\\/new-orleans\\\/#website\",\"url\":\"https:\\\/\\\/usa.mirex.gob.do\\\/consular\\\/new-orleans\\\/\",\"name\":\"Consulado General de la Rep\u00fablica Dominicana en New Orleans, Louisiana, EE. UU.\",\"description\":\"\",\"publisher\":{\"@id\":\"https:\\\/\\\/usa.mirex.gob.do\\\/consular\\\/new-orleans\\\/#organization\"},\"potentialAction\":[{\"@type\":\"SearchAction\",\"target\":{\"@type\":\"EntryPoint\",\"urlTemplate\":\"https:\\\/\\\/usa.mirex.gob.do\\\/consular\\\/new-orleans\\\/?s={search_term_string}\"},\"query-input\":{\"@type\":\"PropertyValueSpecification\",\"valueRequired\":true,\"valueName\":\"search_term_string\"}}],\"inLanguage\":\"en-US\"},{\"@type\":\"Organization\",\"@id\":\"https:\\\/\\\/usa.mirex.gob.do\\\/consular\\\/new-orleans\\\/#organization\",\"name\":\"Consulado General de la Rep\u00fablica Dominicana en New Orleans, Louisiana, EE. UU.\",\"url\":\"https:\\\/\\\/usa.mirex.gob.do\\\/consular\\\/new-orleans\\\/\",\"logo\":{\"@type\":\"ImageObject\",\"inLanguage\":\"en-US\",\"@id\":\"https:\\\/\\\/usa.mirex.gob.do\\\/consular\\\/new-orleans\\\/#\\\/schema\\\/logo\\\/image\\\/\",\"url\":\"https:\\\/\\\/usa.mirex.gob.do\\\/consular\\\/new-orleans\\\/wp-content\\\/uploads\\\/2022\\\/05\\\/CONSULADO-NEW-ORLEANS-RD-04-1-scaled.png\",\"contentUrl\":\"https:\\\/\\\/usa.mirex.gob.do\\\/consular\\\/new-orleans\\\/wp-content\\\/uploads\\\/2022\\\/05\\\/CONSULADO-NEW-ORLEANS-RD-04-1-scaled.png\",\"width\":2560,\"height\":1100,\"caption\":\"Consulado General de la Rep\u00fablica Dominicana en New Orleans, Louisiana, EE. UU.\"},\"image\":{\"@id\":\"https:\\\/\\\/usa.mirex.gob.do\\\/consular\\\/new-orleans\\\/#\\\/schema\\\/logo\\\/image\\\/\"}}]}<\/script>\n<!-- \/ Yoast SEO plugin. -->","yoast_head_json":{"title":"Perfiles de Funcionarios - Consulado General de la Rep\u00fablica Dominicana en New Orleans, Louisiana, EE. UU.","robots":{"index":"index","follow":"follow","max-snippet":"max-snippet:-1","max-image-preview":"max-image-preview:large","max-video-preview":"max-video-preview:-1"},"canonical":"https:\/\/usa.mirex.gob.do\/consular\/new-orleans\/perfiles-de-funcionarios\/","og_locale":"en_US","og_type":"article","og_title":"Perfiles de Funcionarios - Consulado General de la Rep\u00fablica Dominicana en New Orleans, Louisiana, EE. UU.","og_description":"SOBRE NOSOTROS PERFILES DE FUNCIONARIOS Est\u00e1s aqu\u00ed: Inicio \u00bb Sobre Nosotros \u00bb Perfiles de Funcionarios ENLACES DE LA SECCI\u00d3N Imprimir Correo Electr\u00f3nico Miguel Santana Vicec\u00f3nsul &#8211; Encargado de la Secci\u00f3n Comercial Tammy Gisela Peralta V\u00e1squez Vicec\u00f3nsul &#8211; Encargada de Protecci\u00f3n a Nacionales Dra. Mar\u00eda Estela Minyetty B\u00e1ez Vicec\u00f3nsul &#8211; Encargada del \u00c1rea de Pasaportes y [&hellip;]","og_url":"https:\/\/usa.mirex.gob.do\/consular\/new-orleans\/perfiles-de-funcionarios\/","og_site_name":"Consulado General de la Rep\u00fablica Dominicana en New Orleans, Louisiana, EE. UU.","article_modified_time":"2025-06-02T14:43:26+00:00","twitter_card":"summary_large_image","twitter_misc":{"Est. reading time":"1 minute"},"schema":{"@context":"https:\/\/schema.org","@graph":[{"@type":"WebPage","@id":"https:\/\/usa.mirex.gob.do\/consular\/new-orleans\/perfiles-de-funcionarios\/","url":"https:\/\/usa.mirex.gob.do\/consular\/new-orleans\/perfiles-de-funcionarios\/","name":"Perfiles de Funcionarios - Consulado General de la Rep\u00fablica Dominicana en New Orleans, Louisiana, EE. UU.","isPartOf":{"@id":"https:\/\/usa.mirex.gob.do\/consular\/new-orleans\/#website"},"datePublished":"2025-06-02T13:52:06+00:00","dateModified":"2025-06-02T14:43:26+00:00","breadcrumb":{"@id":"https:\/\/usa.mirex.gob.do\/consular\/new-orleans\/perfiles-de-funcionarios\/#breadcrumb"},"inLanguage":"en-US","potentialAction":[{"@type":"ReadAction","target":["https:\/\/usa.mirex.gob.do\/consular\/new-orleans\/perfiles-de-funcionarios\/"]}]},{"@type":"BreadcrumbList","@id":"https:\/\/usa.mirex.gob.do\/consular\/new-orleans\/perfiles-de-funcionarios\/#breadcrumb","itemListElement":[{"@type":"ListItem","position":1,"name":"Inicio","item":"https:\/\/usa.mirex.gob.do\/consular\/new-orleans\/"},{"@type":"ListItem","position":2,"name":"Perfiles de Funcionarios"}]},{"@type":"WebSite","@id":"https:\/\/usa.mirex.gob.do\/consular\/new-orleans\/#website","url":"https:\/\/usa.mirex.gob.do\/consular\/new-orleans\/","name":"Consulado General de la Rep\u00fablica Dominicana en New Orleans, Louisiana, EE. UU.","description":"","publisher":{"@id":"https:\/\/usa.mirex.gob.do\/consular\/new-orleans\/#organization"},"potentialAction":[{"@type":"SearchAction","target":{"@type":"EntryPoint","urlTemplate":"https:\/\/usa.mirex.gob.do\/consular\/new-orleans\/?s={search_term_string}"},"query-input":{"@type":"PropertyValueSpecification","valueRequired":true,"valueName":"search_term_string"}}],"inLanguage":"en-US"},{"@type":"Organization","@id":"https:\/\/usa.mirex.gob.do\/consular\/new-orleans\/#organization","name":"Consulado General de la Rep\u00fablica Dominicana en New Orleans, Louisiana, EE. UU.","url":"https:\/\/usa.mirex.gob.do\/consular\/new-orleans\/","logo":{"@type":"ImageObject","inLanguage":"en-US","@id":"https:\/\/usa.mirex.gob.do\/consular\/new-orleans\/#\/schema\/logo\/image\/","url":"https:\/\/usa.mirex.gob.do\/consular\/new-orleans\/wp-content\/uploads\/2022\/05\/CONSULADO-NEW-ORLEANS-RD-04-1-scaled.png","contentUrl":"https:\/\/usa.mirex.gob.do\/consular\/new-orleans\/wp-content\/uploads\/2022\/05\/CONSULADO-NEW-ORLEANS-RD-04-1-scaled.png","width":2560,"height":1100,"caption":"Consulado General de la Rep\u00fablica Dominicana en New Orleans, Louisiana, EE. UU."},"image":{"@id":"https:\/\/usa.mirex.gob.do\/consular\/new-orleans\/#\/schema\/logo\/image\/"}}]}},"_links":{"self":[{"href":"https:\/\/usa.mirex.gob.do\/consular\/new-orleans\/wp-json\/wp\/v2\/pages\/6274","targetHints":{"allow":["GET"]}}],"collection":[{"href":"https:\/\/usa.mirex.gob.do\/consular\/new-orleans\/wp-json\/wp\/v2\/pages"}],"about":[{"href":"https:\/\/usa.mirex.gob.do\/consular\/new-orleans\/wp-json\/wp\/v2\/types\/page"}],"author":[{"embeddable":true,"href":"https:\/\/usa.mirex.gob.do\/consular\/new-orleans\/wp-json\/wp\/v2\/users\/1"}],"replies":[{"embeddable":true,"href":"https:\/\/usa.mirex.gob.do\/consular\/new-orleans\/wp-json\/wp\/v2\/comments?post=6274"}],"version-history":[{"count":7,"href":"https:\/\/usa.mirex.gob.do\/consular\/new-orleans\/wp-json\/wp\/v2\/pages\/6274\/revisions"}],"predecessor-version":[{"id":6298,"href":"https:\/\/usa.mirex.gob.do\/consular\/new-orleans\/wp-json\/wp\/v2\/pages\/6274\/revisions\/6298"}],"wp:attachment":[{"href":"https:\/\/usa.mirex.gob.do\/consular\/new-orleans\/wp-json\/wp\/v2\/media?parent=6274"}],"wp:term":[{"taxonomy":"category","embeddable":true,"href":"https:\/\/usa.mirex.gob.do\/consular\/new-orleans\/wp-json\/wp\/v2\/categories?post=6274"},{"taxonomy":"post_tag","embeddable":true,"href":"https:\/\/usa.mirex.gob.do\/consular\/new-orleans\/wp-json\/wp\/v2\/tags?post=6274"}],"curies":[{"name":"wp","href":"https:\/\/api.w.org\/{rel}","templated":true}]}}