{"id":13,"date":"2021-07-09T16:00:06","date_gmt":"2021-07-09T16:00:06","guid":{"rendered":"https:\/\/etanaka.tk\/?page_id=13"},"modified":"2024-02-14T17:51:02","modified_gmt":"2024-02-14T17:51:02","slug":"inicio","status":"publish","type":"page","link":"https:\/\/usa.mirex.gob.do\/consular\/orlando\/","title":{"rendered":"Inicio"},"content":{"rendered":"\t\t<div data-elementor-type=\"wp-page\" data-elementor-id=\"13\" class=\"elementor elementor-13\" data-elementor-post-type=\"page\">\n\t\t\t\t\t\t<section class=\"elementor-section elementor-top-section elementor-element elementor-element-c320e64 elementor-section-full_width elementor-section-height-default elementor-section-height-default\" data-id=\"c320e64\" data-element_type=\"section\" data-e-type=\"section\" data-settings=\"{&quot;background_background&quot;:&quot;classic&quot;}\">\n\t\t\t\t\t\t\t<div class=\"elementor-background-overlay\"><\/div>\n\t\t\t\t\t\t\t<div class=\"elementor-container elementor-column-gap-default\">\n\t\t\t\t\t<div class=\"elementor-column elementor-col-100 elementor-top-column elementor-element elementor-element-dcd93a4\" data-id=\"dcd93a4\" data-element_type=\"column\" data-e-type=\"column\">\n\t\t\t<div class=\"elementor-widget-wrap elementor-element-populated\">\n\t\t\t\t\t\t<div class=\"elementor-element elementor-element-a3e6cef elementor-pagination-position-inside elementor-skin-carousel elementor-arrows-yes elementor-pagination-type-bullets elementor-invisible elementor-widget elementor-widget-media-carousel\" data-id=\"a3e6cef\" data-element_type=\"widget\" data-e-type=\"widget\" data-settings=\"{&quot;slides_per_view&quot;:&quot;1&quot;,&quot;_animation&quot;:&quot;fadeIn&quot;,&quot;skin&quot;:&quot;carousel&quot;,&quot;effect&quot;:&quot;slide&quot;,&quot;show_arrows&quot;:&quot;yes&quot;,&quot;pagination&quot;:&quot;bullets&quot;,&quot;speed&quot;:500,&quot;autoplay&quot;:&quot;yes&quot;,&quot;autoplay_speed&quot;:5000,&quot;loop&quot;:&quot;yes&quot;,&quot;pause_on_hover&quot;:&quot;yes&quot;,&quot;pause_on_interaction&quot;:&quot;yes&quot;,&quot;space_between&quot;:{&quot;unit&quot;:&quot;px&quot;,&quot;size&quot;:10,&quot;sizes&quot;:[]},&quot;space_between_tablet&quot;:{&quot;unit&quot;:&quot;px&quot;,&quot;size&quot;:10,&quot;sizes&quot;:[]},&quot;space_between_mobile&quot;:{&quot;unit&quot;:&quot;px&quot;,&quot;size&quot;:10,&quot;sizes&quot;:[]}}\" data-widget_type=\"media-carousel.default\">\n\t\t\t\t<div class=\"elementor-widget-container\">\n\t\t\t\t\t\t\t\t\t<div class=\"elementor-swiper\">\n\t\t\t\t\t<div class=\"elementor-main-swiper swiper\" role=\"region\" aria-roledescription=\"carousel\" aria-label=\"Slides\">\n\t\t\t\t<div class=\"swiper-wrapper\">\n\t\t\t\t\t\t\t\t\t\t\t<div class=\"swiper-slide\" role=\"group\" aria-roledescription=\"slide\">\n\t\t\t\t\t\t\t\t\t<div class=\"elementor-carousel-image\" role=\"img\" aria-label=\"banner dominican flag\" style=\"background-image: url(&#039;https:\/\/usa.mirex.gob.do\/consular\/orlando\/wp-content\/uploads\/2022\/06\/banner-dominican-flag.png&#039;)\">\n\n\t\t\t\n\t\t\t\t\t<\/div>\n\t\t\t\t\t\t\t\t<\/div>\n\t\t\t\t\t\t\t\t\t<\/div>\n\t\t\t\t\t\t\t<\/div>\n\t\t\t\t<\/div>\n\t\t\t\t\t\t\t\t<\/div>\n\t\t\t\t<\/div>\n\t\t\t\t\t<\/div>\n\t\t<\/div>\n\t\t\t\t\t<\/div>\n\t\t<\/section>\n\t\t\t\t<section class=\"elementor-section elementor-top-section elementor-element elementor-element-606ad8cc elementor-section-height-min-height elementor-section-boxed elementor-section-height-default elementor-section-items-middle\" data-id=\"606ad8cc\" data-element_type=\"section\" data-e-type=\"section\">\n\t\t\t\t\t\t\t<div class=\"elementor-background-overlay\"><\/div>\n\t\t\t\t\t\t\t<div class=\"elementor-container elementor-column-gap-default\">\n\t\t\t\t\t<div class=\"elementor-column elementor-col-50 elementor-top-column elementor-element elementor-element-7bc5a12d\" data-id=\"7bc5a12d\" data-element_type=\"column\" data-e-type=\"column\">\n\t\t\t<div class=\"elementor-widget-wrap elementor-element-populated\">\n\t\t\t\t\t\t<div class=\"elementor-element elementor-element-128772b8 elementor-invisible elementor-widget elementor-widget-image\" data-id=\"128772b8\" data-element_type=\"widget\" data-e-type=\"widget\" data-settings=\"{&quot;_animation&quot;:&quot;fadeInLeft&quot;}\" data-widget_type=\"image.default\">\n\t\t\t\t<div class=\"elementor-widget-container\">\n\t\t\t\t\t\t\t\t\t\t\t\t\t\t\t<img fetchpriority=\"high\" decoding=\"async\" width=\"801\" height=\"418\" src=\"https:\/\/usa.mirex.gob.do\/consular\/orlando\/wp-content\/uploads\/2022\/06\/auth-image.png\" class=\"attachment-large size-large wp-image-6065\" alt=\"\" srcset=\"https:\/\/usa.mirex.gob.do\/consular\/orlando\/wp-content\/uploads\/2022\/06\/auth-image.png 801w, https:\/\/usa.mirex.gob.do\/consular\/orlando\/wp-content\/uploads\/2022\/06\/auth-image-300x157.png 300w, https:\/\/usa.mirex.gob.do\/consular\/orlando\/wp-content\/uploads\/2022\/06\/auth-image-768x401.png 768w\" sizes=\"(max-width: 801px) 100vw, 801px\" \/>\t\t\t\t\t\t\t\t\t\t\t\t\t\t\t<\/div>\n\t\t\t\t<\/div>\n\t\t\t\t\t<\/div>\n\t\t<\/div>\n\t\t\t\t<div class=\"elementor-column elementor-col-50 elementor-top-column elementor-element elementor-element-24131858 elementor-invisible\" data-id=\"24131858\" data-element_type=\"column\" data-e-type=\"column\" data-settings=\"{&quot;motion_fx_motion_fx_scrolling&quot;:&quot;yes&quot;,&quot;animation&quot;:&quot;fadeInRight&quot;,&quot;motion_fx_devices&quot;:[&quot;desktop&quot;,&quot;tablet&quot;,&quot;mobile&quot;]}\">\n\t\t\t<div class=\"elementor-widget-wrap elementor-element-populated\">\n\t\t\t\t\t\t<div class=\"elementor-element elementor-element-2dc8c434 elementor-widget elementor-widget-heading\" data-id=\"2dc8c434\" data-element_type=\"widget\" data-e-type=\"widget\" data-widget_type=\"heading.default\">\n\t\t\t\t<div class=\"elementor-widget-container\">\n\t\t\t\t\t<h2 class=\"elementor-heading-title elementor-size-default\">E-TICKET<\/h2>\t\t\t\t<\/div>\n\t\t\t\t<\/div>\n\t\t\t\t<div class=\"elementor-element elementor-element-36061f49 elementor-widget elementor-widget-text-editor\" data-id=\"36061f49\" data-element_type=\"widget\" data-e-type=\"widget\" data-widget_type=\"text-editor.default\">\n\t\t\t\t<div class=\"elementor-widget-container\">\n\t\t\t\t\t\t\t\t\t<p style=\"text-align: center;\">Formulario obligatorio <br \/>para entrada y salida <br \/>de la Rep\u00fablica Dominicana<\/p>\t\t\t\t\t\t\t\t<\/div>\n\t\t\t\t<\/div>\n\t\t\t\t<div class=\"elementor-element elementor-element-65153ec2 elementor-widget elementor-widget-heading\" data-id=\"65153ec2\" data-element_type=\"widget\" data-e-type=\"widget\" data-widget_type=\"heading.default\">\n\t\t\t\t<div class=\"elementor-widget-container\">\n\t\t\t\t\t<h2 class=\"elementor-heading-title elementor-size-default\">\u00a1Ahorra tiempo!<\/h2>\t\t\t\t<\/div>\n\t\t\t\t<\/div>\n\t\t\t\t<div class=\"elementor-element elementor-element-31ad1eaf elementor-align-center elementor-widget elementor-widget-button\" data-id=\"31ad1eaf\" data-element_type=\"widget\" data-e-type=\"widget\" data-widget_type=\"button.default\">\n\t\t\t\t<div class=\"elementor-widget-container\">\n\t\t\t\t\t\t\t\t\t<div class=\"elementor-button-wrapper\">\n\t\t\t\t\t<a class=\"elementor-button elementor-button-link elementor-size-sm\" href=\"https:\/\/eticket.migracion.gob.do\/\" target=\"_blank\">\n\t\t\t\t\t\t<span class=\"elementor-button-content-wrapper\">\n\t\t\t\t\t\t\t\t\t<span class=\"elementor-button-text\">\u00a1Ll\u00e9nalo aqui!<\/span>\n\t\t\t\t\t<\/span>\n\t\t\t\t\t<\/a>\n\t\t\t\t<\/div>\n\t\t\t\t\t\t\t\t<\/div>\n\t\t\t\t<\/div>\n\t\t\t\t\t<\/div>\n\t\t<\/div>\n\t\t\t\t\t<\/div>\n\t\t<\/section>\n\t\t\t\t<section class=\"elementor-section elementor-top-section elementor-element elementor-element-3e92f72 elementor-section-boxed elementor-section-height-default elementor-section-height-default\" data-id=\"3e92f72\" data-element_type=\"section\" data-e-type=\"section\">\n\t\t\t\t\t\t<div class=\"elementor-container elementor-column-gap-default\">\n\t\t\t\t\t<div class=\"elementor-column elementor-col-100 elementor-top-column elementor-element elementor-element-b97ce5e\" data-id=\"b97ce5e\" data-element_type=\"column\" data-e-type=\"column\">\n\t\t\t<div class=\"elementor-widget-wrap elementor-element-populated\">\n\t\t\t\t\t\t<div class=\"elementor-element elementor-element-ab65a25 elementor-invisible elementor-widget elementor-widget-heading\" data-id=\"ab65a25\" data-element_type=\"widget\" data-e-type=\"widget\" data-settings=\"{&quot;_animation&quot;:&quot;slideInRight&quot;}\" data-widget_type=\"heading.default\">\n\t\t\t\t<div class=\"elementor-widget-container\">\n\t\t\t\t\t<h2 class=\"elementor-heading-title elementor-size-default\">Servicios\n\n<\/h2>\t\t\t\t<\/div>\n\t\t\t\t<\/div>\n\t\t\t\t<div class=\"elementor-element elementor-element-1b7aac1 elementor-widget-divider--view-line elementor-widget elementor-widget-divider\" data-id=\"1b7aac1\" data-element_type=\"widget\" data-e-type=\"widget\" data-widget_type=\"divider.default\">\n\t\t\t\t<div class=\"elementor-widget-container\">\n\t\t\t\t\t\t\t<div class=\"elementor-divider\">\n\t\t\t<span class=\"elementor-divider-separator\">\n\t\t\t\t\t\t<\/span>\n\t\t<\/div>\n\t\t\t\t\t\t<\/div>\n\t\t\t\t<\/div>\n\t\t\t\t<section class=\"elementor-section elementor-inner-section elementor-element elementor-element-e5aa42a elementor-section-content-middle elementor-section-boxed elementor-section-height-default elementor-section-height-default elementor-invisible\" data-id=\"e5aa42a\" data-element_type=\"section\" data-e-type=\"section\" data-settings=\"{&quot;animation&quot;:&quot;slideInLeft&quot;}\">\n\t\t\t\t\t\t<div class=\"elementor-container elementor-column-gap-default\">\n\t\t\t\t\t<div class=\"elementor-column elementor-col-33 elementor-inner-column elementor-element elementor-element-040415f elementor-invisible\" data-id=\"040415f\" data-element_type=\"column\" data-e-type=\"column\" data-settings=\"{&quot;animation&quot;:&quot;fadeIn&quot;}\">\n\t\t\t<div class=\"elementor-widget-wrap elementor-element-populated\">\n\t\t\t\t\t\t<div class=\"elementor-element elementor-element-1ad4d7f elementor-cta--skin-classic elementor-animated-content elementor-bg-transform elementor-bg-transform-zoom-in elementor-widget elementor-widget-call-to-action\" data-id=\"1ad4d7f\" data-element_type=\"widget\" data-e-type=\"widget\" data-widget_type=\"call-to-action.default\">\n\t\t\t\t<div class=\"elementor-widget-container\">\n\t\t\t\t\t\t\t<a class=\"elementor-cta\" href=\"https:\/\/servicios360.mirex.gob.do\/pasaportes\/\" target=\"_blank\">\n\t\t\t\t\t\t\t<div class=\"elementor-cta__content\">\n\t\t\t\t\t\t\t\t\t<div class=\"elementor-content-item elementor-cta__content-item elementor-icon-wrapper elementor-cta__icon elementor-view-default\">\n\t\t\t\t\t\t<div class=\"elementor-icon\">\n\t\t\t\t\t\t\t<i aria-hidden=\"true\" class=\"fas fa-passport\"><\/i>\t\t\t\t\t\t<\/div>\n\t\t\t\t\t<\/div>\n\t\t\t\t\n\t\t\t\t\t\t\t\t\t<h3 class=\"elementor-cta__title elementor-cta__content-item elementor-content-item\">\n\t\t\t\t\t\tPasaportes\t\t\t\t\t<\/h3>\n\t\t\t\t\n\t\t\t\t\n\t\t\t\t\t\t\t<\/div>\n\t\t\t\t\t\t<\/a>\n\t\t\t\t\t\t<\/div>\n\t\t\t\t<\/div>\n\t\t\t\t\t<\/div>\n\t\t<\/div>\n\t\t\t\t<div class=\"elementor-column elementor-col-33 elementor-inner-column elementor-element elementor-element-5714389 elementor-invisible\" data-id=\"5714389\" data-element_type=\"column\" data-e-type=\"column\" data-settings=\"{&quot;animation&quot;:&quot;fadeIn&quot;}\">\n\t\t\t<div class=\"elementor-widget-wrap elementor-element-populated\">\n\t\t\t\t\t\t<div class=\"elementor-element elementor-element-d73e6f3 elementor-cta--skin-classic elementor-animated-content elementor-bg-transform elementor-bg-transform-zoom-in elementor-widget elementor-widget-call-to-action\" data-id=\"d73e6f3\" data-element_type=\"widget\" data-e-type=\"widget\" data-widget_type=\"call-to-action.default\">\n\t\t\t\t<div class=\"elementor-widget-container\">\n\t\t\t\t\t\t\t<a class=\"elementor-cta\" href=\"https:\/\/servicios360.mirex.gob.do\/visas\/\" target=\"_blank\">\n\t\t\t\t\t\t\t<div class=\"elementor-cta__content\">\n\t\t\t\t\t\t\t\t\t<div class=\"elementor-content-item elementor-cta__content-item elementor-icon-wrapper elementor-cta__icon elementor-view-default\">\n\t\t\t\t\t\t<div class=\"elementor-icon\">\n\t\t\t\t\t\t\t<i aria-hidden=\"true\" class=\"fas fa-plane\"><\/i>\t\t\t\t\t\t<\/div>\n\t\t\t\t\t<\/div>\n\t\t\t\t\n\t\t\t\t\t\t\t\t\t<h3 class=\"elementor-cta__title elementor-cta__content-item elementor-content-item\">\n\t\t\t\t\t\tExpedici\u00f3n Visa\t\t\t\t\t<\/h3>\n\t\t\t\t\n\t\t\t\t\n\t\t\t\t\t\t\t<\/div>\n\t\t\t\t\t\t<\/a>\n\t\t\t\t\t\t<\/div>\n\t\t\t\t<\/div>\n\t\t\t\t\t<\/div>\n\t\t<\/div>\n\t\t\t\t<div class=\"elementor-column elementor-col-33 elementor-inner-column elementor-element elementor-element-cba1689 elementor-invisible\" data-id=\"cba1689\" data-element_type=\"column\" data-e-type=\"column\" data-settings=\"{&quot;animation&quot;:&quot;fadeIn&quot;}\">\n\t\t\t<div class=\"elementor-widget-wrap elementor-element-populated\">\n\t\t\t\t\t\t<div class=\"elementor-element elementor-element-508e4a9 elementor-cta--skin-classic elementor-animated-content elementor-bg-transform elementor-bg-transform-zoom-in elementor-widget elementor-widget-call-to-action\" data-id=\"508e4a9\" data-element_type=\"widget\" data-e-type=\"widget\" data-widget_type=\"call-to-action.default\">\n\t\t\t\t<div class=\"elementor-widget-container\">\n\t\t\t\t\t\t\t<a class=\"elementor-cta\" href=\"https:\/\/servicios360.mirex.gob.do\/apostillas-legalizaciones\" target=\"_blank\">\n\t\t\t\t\t\t\t<div class=\"elementor-cta__content\">\n\t\t\t\t\t\t\t\t\t<div class=\"elementor-content-item elementor-cta__content-item elementor-icon-wrapper elementor-cta__icon elementor-view-default\">\n\t\t\t\t\t\t<div class=\"elementor-icon\">\n\t\t\t\t\t\t\t<i aria-hidden=\"true\" class=\"fas fa-stamp\"><\/i>\t\t\t\t\t\t<\/div>\n\t\t\t\t\t<\/div>\n\t\t\t\t\n\t\t\t\t\t\t\t\t\t<h3 class=\"elementor-cta__title elementor-cta__content-item elementor-content-item\">\n\t\t\t\t\t\tLegalizaci\u00f3n\t\t\t\t\t<\/h3>\n\t\t\t\t\n\t\t\t\t\n\t\t\t\t\t\t\t<\/div>\n\t\t\t\t\t\t<\/a>\n\t\t\t\t\t\t<\/div>\n\t\t\t\t<\/div>\n\t\t\t\t\t<\/div>\n\t\t<\/div>\n\t\t\t\t\t<\/div>\n\t\t<\/section>\n\t\t\t\t<section class=\"elementor-section elementor-inner-section elementor-element elementor-element-4bf939a elementor-section-content-middle elementor-section-boxed elementor-section-height-default elementor-section-height-default elementor-invisible\" data-id=\"4bf939a\" data-element_type=\"section\" data-e-type=\"section\" data-settings=\"{&quot;animation&quot;:&quot;slideInLeft&quot;}\">\n\t\t\t\t\t\t<div class=\"elementor-container elementor-column-gap-default\">\n\t\t\t\t\t<div class=\"elementor-column elementor-col-33 elementor-inner-column elementor-element elementor-element-65bb28f elementor-invisible\" data-id=\"65bb28f\" data-element_type=\"column\" data-e-type=\"column\" data-settings=\"{&quot;animation&quot;:&quot;fadeIn&quot;}\">\n\t\t\t<div class=\"elementor-widget-wrap elementor-element-populated\">\n\t\t\t\t\t\t<div class=\"elementor-element elementor-element-38a5fa2 elementor-cta--skin-classic elementor-animated-content elementor-bg-transform elementor-bg-transform-zoom-in elementor-widget elementor-widget-call-to-action\" data-id=\"38a5fa2\" data-element_type=\"widget\" data-e-type=\"widget\" data-widget_type=\"call-to-action.default\">\n\t\t\t\t<div class=\"elementor-widget-container\">\n\t\t\t\t\t\t\t<a class=\"elementor-cta\" href=\"https:\/\/servicios360.mirex.gob.do\/certificaciones\/\" target=\"_blank\">\n\t\t\t\t\t\t\t<div class=\"elementor-cta__content\">\n\t\t\t\t\t\t\t\t\t<div class=\"elementor-content-item elementor-cta__content-item elementor-icon-wrapper elementor-cta__icon elementor-view-default\">\n\t\t\t\t\t\t<div class=\"elementor-icon\">\n\t\t\t\t\t\t\t<i aria-hidden=\"true\" class=\"fas fa-award\"><\/i>\t\t\t\t\t\t<\/div>\n\t\t\t\t\t<\/div>\n\t\t\t\t\n\t\t\t\t\t\t\t\t\t<h3 class=\"elementor-cta__title elementor-cta__content-item elementor-content-item\">\n\t\t\t\t\t\tCertificaciones\t\t\t\t\t<\/h3>\n\t\t\t\t\n\t\t\t\t\n\t\t\t\t\t\t\t<\/div>\n\t\t\t\t\t\t<\/a>\n\t\t\t\t\t\t<\/div>\n\t\t\t\t<\/div>\n\t\t\t\t\t<\/div>\n\t\t<\/div>\n\t\t\t\t<div class=\"elementor-column elementor-col-33 elementor-inner-column elementor-element elementor-element-e522bd7 elementor-invisible\" data-id=\"e522bd7\" data-element_type=\"column\" data-e-type=\"column\" data-settings=\"{&quot;animation&quot;:&quot;fadeIn&quot;}\">\n\t\t\t<div class=\"elementor-widget-wrap elementor-element-populated\">\n\t\t\t\t\t\t<div class=\"elementor-element elementor-element-8022aab elementor-cta--skin-classic elementor-animated-content elementor-bg-transform elementor-bg-transform-zoom-in elementor-widget elementor-widget-call-to-action\" data-id=\"8022aab\" data-element_type=\"widget\" data-e-type=\"widget\" data-widget_type=\"call-to-action.default\">\n\t\t\t\t<div class=\"elementor-widget-container\">\n\t\t\t\t\t\t\t<a class=\"elementor-cta\" href=\"https:\/\/servicios360.mirex.gob.do\/nacimiento\/\" target=\"_blank\">\n\t\t\t\t\t\t\t<div class=\"elementor-cta__content\">\n\t\t\t\t\t\t\t\t\t<div class=\"elementor-content-item elementor-cta__content-item elementor-icon-wrapper elementor-cta__icon elementor-view-default\">\n\t\t\t\t\t\t<div class=\"elementor-icon\">\n\t\t\t\t\t\t\t<i aria-hidden=\"true\" class=\"fas fa-child\"><\/i>\t\t\t\t\t\t<\/div>\n\t\t\t\t\t<\/div>\n\t\t\t\t\n\t\t\t\t\t\t\t\t\t<h3 class=\"elementor-cta__title elementor-cta__content-item elementor-content-item\">\n\t\t\t\t\t\tNacimiento\t\t\t\t\t<\/h3>\n\t\t\t\t\n\t\t\t\t\n\t\t\t\t\t\t\t<\/div>\n\t\t\t\t\t\t<\/a>\n\t\t\t\t\t\t<\/div>\n\t\t\t\t<\/div>\n\t\t\t\t\t<\/div>\n\t\t<\/div>\n\t\t\t\t<div class=\"elementor-column elementor-col-33 elementor-inner-column elementor-element elementor-element-00bf68c elementor-invisible\" data-id=\"00bf68c\" data-element_type=\"column\" data-e-type=\"column\" data-settings=\"{&quot;animation&quot;:&quot;fadeIn&quot;}\">\n\t\t\t<div class=\"elementor-widget-wrap elementor-element-populated\">\n\t\t\t\t\t\t<div class=\"elementor-element elementor-element-96176e2 elementor-cta--skin-classic elementor-animated-content elementor-bg-transform elementor-bg-transform-zoom-in elementor-widget elementor-widget-call-to-action\" data-id=\"96176e2\" data-element_type=\"widget\" data-e-type=\"widget\" data-widget_type=\"call-to-action.default\">\n\t\t\t\t<div class=\"elementor-widget-container\">\n\t\t\t\t\t\t\t<a class=\"elementor-cta\" href=\"https:\/\/servicios360.mirex.gob.do\/poderes-notariales\/\" target=\"_blank\">\n\t\t\t\t\t\t\t<div class=\"elementor-cta__content\">\n\t\t\t\t\t\t\t\t\t<div class=\"elementor-content-item elementor-cta__content-item elementor-icon-wrapper elementor-cta__icon elementor-view-default\">\n\t\t\t\t\t\t<div class=\"elementor-icon\">\n\t\t\t\t\t\t\t<i aria-hidden=\"true\" class=\"far fa-file-powerpoint\"><\/i>\t\t\t\t\t\t<\/div>\n\t\t\t\t\t<\/div>\n\t\t\t\t\n\t\t\t\t\t\t\t\t\t<h3 class=\"elementor-cta__title elementor-cta__content-item elementor-content-item\">\n\t\t\t\t\t\tPoderes Notariales\t\t\t\t\t<\/h3>\n\t\t\t\t\n\t\t\t\t\n\t\t\t\t\t\t\t<\/div>\n\t\t\t\t\t\t<\/a>\n\t\t\t\t\t\t<\/div>\n\t\t\t\t<\/div>\n\t\t\t\t\t<\/div>\n\t\t<\/div>\n\t\t\t\t\t<\/div>\n\t\t<\/section>\n\t\t\t\t<section class=\"elementor-section elementor-inner-section elementor-element elementor-element-9f5ba41 elementor-section-boxed elementor-section-height-default elementor-section-height-default elementor-invisible\" data-id=\"9f5ba41\" data-element_type=\"section\" data-e-type=\"section\" data-settings=\"{&quot;animation&quot;:&quot;slideInLeft&quot;}\">\n\t\t\t\t\t\t<div class=\"elementor-container elementor-column-gap-default\">\n\t\t\t\t\t<div class=\"elementor-column elementor-col-50 elementor-inner-column elementor-element elementor-element-3454507\" data-id=\"3454507\" data-element_type=\"column\" data-e-type=\"column\">\n\t\t\t<div class=\"elementor-widget-wrap\">\n\t\t\t\t\t\t\t<\/div>\n\t\t<\/div>\n\t\t\t\t<div class=\"elementor-column elementor-col-50 elementor-inner-column elementor-element elementor-element-9feae46\" data-id=\"9feae46\" data-element_type=\"column\" data-e-type=\"column\" data-settings=\"{&quot;animation&quot;:&quot;none&quot;}\">\n\t\t\t<div class=\"elementor-widget-wrap elementor-element-populated\">\n\t\t\t\t\t\t<div class=\"elementor-element elementor-element-d1705cf elementor-align-right elementor-widget elementor-widget-button\" data-id=\"d1705cf\" data-element_type=\"widget\" data-e-type=\"widget\" data-widget_type=\"button.default\">\n\t\t\t\t<div class=\"elementor-widget-container\">\n\t\t\t\t\t\t\t\t\t<div class=\"elementor-button-wrapper\">\n\t\t\t\t\t<a class=\"elementor-button elementor-button-link elementor-size-sm\" href=\"https:\/\/servicios360.mirex.gob.do\/\" target=\"_blank\">\n\t\t\t\t\t\t<span class=\"elementor-button-content-wrapper\">\n\t\t\t\t\t\t<span class=\"elementor-button-icon\">\n\t\t\t\t<i aria-hidden=\"true\" class=\"fas fa-arrow-right\"><\/i>\t\t\t<\/span>\n\t\t\t\t\t\t\t\t\t<span class=\"elementor-button-text\">Ver todos<\/span>\n\t\t\t\t\t<\/span>\n\t\t\t\t\t<\/a>\n\t\t\t\t<\/div>\n\t\t\t\t\t\t\t\t<\/div>\n\t\t\t\t<\/div>\n\t\t\t\t\t<\/div>\n\t\t<\/div>\n\t\t\t\t\t<\/div>\n\t\t<\/section>\n\t\t\t\t\t<\/div>\n\t\t<\/div>\n\t\t\t\t\t<\/div>\n\t\t<\/section>\n\t\t\t\t<section class=\"elementor-section elementor-top-section elementor-element elementor-element-5152b306 elementor-section-boxed elementor-section-height-default elementor-section-height-default\" data-id=\"5152b306\" data-element_type=\"section\" data-e-type=\"section\" data-settings=\"{&quot;background_background&quot;:&quot;classic&quot;}\">\n\t\t\t\t\t\t<div class=\"elementor-container elementor-column-gap-default\">\n\t\t\t\t\t<div class=\"elementor-column elementor-col-100 elementor-top-column elementor-element elementor-element-64f71961\" data-id=\"64f71961\" data-element_type=\"column\" data-e-type=\"column\">\n\t\t\t<div class=\"elementor-widget-wrap elementor-element-populated\">\n\t\t\t\t\t\t<div class=\"elementor-element elementor-element-426f76f7 animated-slow elementor-invisible elementor-widget elementor-widget-heading\" data-id=\"426f76f7\" data-element_type=\"widget\" data-e-type=\"widget\" data-settings=\"{&quot;_animation&quot;:&quot;fadeInRight&quot;}\" data-widget_type=\"heading.default\">\n\t\t\t\t<div class=\"elementor-widget-container\">\n\t\t\t\t\t<h2 class=\"elementor-heading-title elementor-size-default\">\u00daltimas Noticias\n\n<\/h2>\t\t\t\t<\/div>\n\t\t\t\t<\/div>\n\t\t\t\t<div class=\"elementor-element elementor-element-33e9d8c7 elementor-widget-divider--view-line elementor-widget elementor-widget-divider\" data-id=\"33e9d8c7\" data-element_type=\"widget\" data-e-type=\"widget\" data-widget_type=\"divider.default\">\n\t\t\t\t<div class=\"elementor-widget-container\">\n\t\t\t\t\t\t\t<div class=\"elementor-divider\">\n\t\t\t<span class=\"elementor-divider-separator\">\n\t\t\t\t\t\t<\/span>\n\t\t<\/div>\n\t\t\t\t\t\t<\/div>\n\t\t\t\t<\/div>\n\t\t\t\t<div class=\"elementor-element elementor-element-4854206c elementor-grid-3 elementor-grid-tablet-2 elementor-grid-mobile-1 elementor-posts--thumbnail-top elementor-card-shadow-yes elementor-posts__hover-gradient elementor-invisible elementor-widget elementor-widget-posts\" data-id=\"4854206c\" data-element_type=\"widget\" data-e-type=\"widget\" data-settings=\"{&quot;cards_row_gap&quot;:{&quot;unit&quot;:&quot;px&quot;,&quot;size&quot;:21,&quot;sizes&quot;:[]},&quot;_animation&quot;:&quot;fadeInLeft&quot;,&quot;cards_columns&quot;:&quot;3&quot;,&quot;cards_columns_tablet&quot;:&quot;2&quot;,&quot;cards_columns_mobile&quot;:&quot;1&quot;,&quot;cards_row_gap_tablet&quot;:{&quot;unit&quot;:&quot;px&quot;,&quot;size&quot;:&quot;&quot;,&quot;sizes&quot;:[]},&quot;cards_row_gap_mobile&quot;:{&quot;unit&quot;:&quot;px&quot;,&quot;size&quot;:&quot;&quot;,&quot;sizes&quot;:[]}}\" data-widget_type=\"posts.cards\">\n\t\t\t\t<div class=\"elementor-widget-container\">\n\t\t\t\t\t\t\t<div class=\"elementor-posts-container elementor-posts elementor-posts--skin-cards elementor-grid\" role=\"list\">\n\t\t\t\t<article class=\"elementor-post elementor-grid-item post-6135 post type-post status-publish format-standard has-post-thumbnail hentry category-noticias\" role=\"listitem\">\n\t\t\t<div class=\"elementor-post__card\">\n\t\t\t\t<a class=\"elementor-post__thumbnail__link\" href=\"https:\/\/usa.mirex.gob.do\/consular\/orlando\/canciller-roberto-alvarez-impone-condecoracion-a-embajador-de-la-republica-popular-china\/\" tabindex=\"-1\" ><div class=\"elementor-post__thumbnail\"><img decoding=\"async\" width=\"300\" height=\"200\" src=\"https:\/\/usa.mirex.gob.do\/consular\/orlando\/wp-content\/uploads\/2023\/01\/9D88173D-1799-4919-B0E9-55FFEEE7D56C-300x200.jpeg\" class=\"attachment-medium size-medium wp-image-6132\" alt=\"\" srcset=\"https:\/\/usa.mirex.gob.do\/consular\/orlando\/wp-content\/uploads\/2023\/01\/9D88173D-1799-4919-B0E9-55FFEEE7D56C-300x200.jpeg 300w, https:\/\/usa.mirex.gob.do\/consular\/orlando\/wp-content\/uploads\/2023\/01\/9D88173D-1799-4919-B0E9-55FFEEE7D56C-1024x684.jpeg 1024w, https:\/\/usa.mirex.gob.do\/consular\/orlando\/wp-content\/uploads\/2023\/01\/9D88173D-1799-4919-B0E9-55FFEEE7D56C-768x513.jpeg 768w, https:\/\/usa.mirex.gob.do\/consular\/orlando\/wp-content\/uploads\/2023\/01\/9D88173D-1799-4919-B0E9-55FFEEE7D56C-1536x1026.jpeg 1536w, https:\/\/usa.mirex.gob.do\/consular\/orlando\/wp-content\/uploads\/2023\/01\/9D88173D-1799-4919-B0E9-55FFEEE7D56C-2048x1368.jpeg 2048w\" sizes=\"(max-width: 300px) 100vw, 300px\" \/><\/div><\/a>\n\t\t\t\t<div class=\"elementor-post__text\">\n\t\t\t\t<h3 class=\"elementor-post__title\">\n\t\t\t<a href=\"https:\/\/usa.mirex.gob.do\/consular\/orlando\/canciller-roberto-alvarez-impone-condecoracion-a-embajador-de-la-republica-popular-china\/\" >\n\t\t\t\tCanciller Roberto \u00c1lvarez impone condecoraci\u00f3n a embajador de la Rep\u00fablica Popular China\t\t\t<\/a>\n\t\t<\/h3>\n\t\t\t\t<div class=\"elementor-post__excerpt\">\n\t\t\t<p>Santo\u00a0Domingo de Guzm\u00e1n, Rep\u00fablica Dominicana. &#8211;\u00a0El ministro de Relaciones Exteriores, Roberto \u00c1lvarez, impuso la condecoraci\u00f3n de la Orden del M\u00e9rito de Duarte, S\u00e1nchez y Mella<\/p>\n\t\t<\/div>\n\t\t\t\t\t<div class=\"elementor-post__read-more-wrapper\">\n\t\t\n\t\t<a class=\"elementor-post__read-more\" href=\"https:\/\/usa.mirex.gob.do\/consular\/orlando\/canciller-roberto-alvarez-impone-condecoracion-a-embajador-de-la-republica-popular-china\/\" aria-label=\"Read more about Canciller Roberto \u00c1lvarez impone condecoraci\u00f3n a embajador de la Rep\u00fablica Popular China\" tabindex=\"-1\" >\n\t\t\tLeer m\u00e1s\t\t<\/a>\n\n\t\t\t\t\t<\/div>\n\t\t\t\t<\/div>\n\t\t\t\t<div class=\"elementor-post__meta-data\">\n\t\t\t\t\t<span class=\"elementor-post-date\">\n\t\t\tJanuary 26, 2023\t\t<\/span>\n\t\t\t\t<\/div>\n\t\t\t\t\t<\/div>\n\t\t<\/article>\n\t\t\t\t<article class=\"elementor-post elementor-grid-item post-6137 post type-post status-publish format-standard has-post-thumbnail hentry category-noticias\" role=\"listitem\">\n\t\t\t<div class=\"elementor-post__card\">\n\t\t\t\t<a class=\"elementor-post__thumbnail__link\" href=\"https:\/\/usa.mirex.gob.do\/consular\/orlando\/canciller-roberto-alvarez-alerta-al-consejo-de-seguridad-situacion-en-haiti-no-solo-amenaza-a-los-haitianos-sino-tambien-a-republica-dominicana\/\" tabindex=\"-1\" ><div class=\"elementor-post__thumbnail\"><img decoding=\"async\" width=\"300\" height=\"169\" src=\"https:\/\/usa.mirex.gob.do\/consular\/orlando\/wp-content\/uploads\/2023\/01\/C34598F5-4219-482C-A2AF-41BD26EE78C8-300x169.jpeg\" class=\"attachment-medium size-medium wp-image-6139\" alt=\"\" srcset=\"https:\/\/usa.mirex.gob.do\/consular\/orlando\/wp-content\/uploads\/2023\/01\/C34598F5-4219-482C-A2AF-41BD26EE78C8-300x169.jpeg 300w, https:\/\/usa.mirex.gob.do\/consular\/orlando\/wp-content\/uploads\/2023\/01\/C34598F5-4219-482C-A2AF-41BD26EE78C8-768x432.jpeg 768w, https:\/\/usa.mirex.gob.do\/consular\/orlando\/wp-content\/uploads\/2023\/01\/C34598F5-4219-482C-A2AF-41BD26EE78C8.jpeg 1024w\" sizes=\"(max-width: 300px) 100vw, 300px\" \/><\/div><\/a>\n\t\t\t\t<div class=\"elementor-post__text\">\n\t\t\t\t<h3 class=\"elementor-post__title\">\n\t\t\t<a href=\"https:\/\/usa.mirex.gob.do\/consular\/orlando\/canciller-roberto-alvarez-alerta-al-consejo-de-seguridad-situacion-en-haiti-no-solo-amenaza-a-los-haitianos-sino-tambien-a-republica-dominicana\/\" >\n\t\t\t\tCanciller Roberto \u00c1lvarez alerta al Consejo de Seguridad situaci\u00f3n en Hait\u00ed no solo amenaza a los haitianos sino tambi\u00e9n a Rep\u00fablica Dominicana\t\t\t<\/a>\n\t\t<\/h3>\n\t\t\t\t<div class=\"elementor-post__excerpt\">\n\t\t\t<p>Durante su intervenci\u00f3n en la reuni\u00f3n de este martes del\u00f3rgano de la Organizaci\u00f3n de las Naciones Unidas, el diplom\u00e1tico advirti\u00f3 que cada minuto de espera<\/p>\n\t\t<\/div>\n\t\t\t\t\t<div class=\"elementor-post__read-more-wrapper\">\n\t\t\n\t\t<a class=\"elementor-post__read-more\" href=\"https:\/\/usa.mirex.gob.do\/consular\/orlando\/canciller-roberto-alvarez-alerta-al-consejo-de-seguridad-situacion-en-haiti-no-solo-amenaza-a-los-haitianos-sino-tambien-a-republica-dominicana\/\" aria-label=\"Read more about Canciller Roberto \u00c1lvarez alerta al Consejo de Seguridad situaci\u00f3n en Hait\u00ed no solo amenaza a los haitianos sino tambi\u00e9n a Rep\u00fablica Dominicana\" tabindex=\"-1\" >\n\t\t\tLeer m\u00e1s\t\t<\/a>\n\n\t\t\t\t\t<\/div>\n\t\t\t\t<\/div>\n\t\t\t\t<div class=\"elementor-post__meta-data\">\n\t\t\t\t\t<span class=\"elementor-post-date\">\n\t\t\tJanuary 24, 2023\t\t<\/span>\n\t\t\t\t<\/div>\n\t\t\t\t\t<\/div>\n\t\t<\/article>\n\t\t\t\t<article class=\"elementor-post elementor-grid-item post-6140 post type-post status-publish format-standard has-post-thumbnail hentry category-noticias\" role=\"listitem\">\n\t\t\t<div class=\"elementor-post__card\">\n\t\t\t\t<a class=\"elementor-post__thumbnail__link\" href=\"https:\/\/usa.mirex.gob.do\/consular\/orlando\/ministro-de-relaciones-participara-en-reunion-del-consejo-de-seguridad-onu-para-insistir-sobre-urgencia-de-resolver-crisis-en-haiti\/\" tabindex=\"-1\" ><div class=\"elementor-post__thumbnail\"><img decoding=\"async\" width=\"300\" height=\"169\" src=\"https:\/\/usa.mirex.gob.do\/consular\/orlando\/wp-content\/uploads\/2023\/01\/C34598F5-4219-482C-A2AF-41BD26EE78C8-300x169.jpeg\" class=\"attachment-medium size-medium wp-image-6139\" alt=\"\" srcset=\"https:\/\/usa.mirex.gob.do\/consular\/orlando\/wp-content\/uploads\/2023\/01\/C34598F5-4219-482C-A2AF-41BD26EE78C8-300x169.jpeg 300w, https:\/\/usa.mirex.gob.do\/consular\/orlando\/wp-content\/uploads\/2023\/01\/C34598F5-4219-482C-A2AF-41BD26EE78C8-768x432.jpeg 768w, https:\/\/usa.mirex.gob.do\/consular\/orlando\/wp-content\/uploads\/2023\/01\/C34598F5-4219-482C-A2AF-41BD26EE78C8.jpeg 1024w\" sizes=\"(max-width: 300px) 100vw, 300px\" \/><\/div><\/a>\n\t\t\t\t<div class=\"elementor-post__text\">\n\t\t\t\t<h3 class=\"elementor-post__title\">\n\t\t\t<a href=\"https:\/\/usa.mirex.gob.do\/consular\/orlando\/ministro-de-relaciones-participara-en-reunion-del-consejo-de-seguridad-onu-para-insistir-sobre-urgencia-de-resolver-crisis-en-haiti\/\" >\n\t\t\t\tMinistro de Relaciones participar\u00e1 en reuni\u00f3n del Consejo de Seguridad ONU para insistir sobre urgencia de resolver crisis en Hait\u00ed\t\t\t<\/a>\n\t\t<\/h3>\n\t\t\t\t<div class=\"elementor-post__excerpt\">\n\t\t\t<p>Santo Domingo de Guzm\u00e1n, Rep\u00fablica Dominicana._ El canciller Roberto \u00c1lvarez viaj\u00f3 este lunes a la ciudad de Nueva York, Estados Unidos, para participar en una<\/p>\n\t\t<\/div>\n\t\t\t\t\t<div class=\"elementor-post__read-more-wrapper\">\n\t\t\n\t\t<a class=\"elementor-post__read-more\" href=\"https:\/\/usa.mirex.gob.do\/consular\/orlando\/ministro-de-relaciones-participara-en-reunion-del-consejo-de-seguridad-onu-para-insistir-sobre-urgencia-de-resolver-crisis-en-haiti\/\" aria-label=\"Read more about Ministro de Relaciones participar\u00e1 en reuni\u00f3n del Consejo de Seguridad ONU para insistir sobre urgencia de resolver crisis en Hait\u00ed\" tabindex=\"-1\" >\n\t\t\tLeer m\u00e1s\t\t<\/a>\n\n\t\t\t\t\t<\/div>\n\t\t\t\t<\/div>\n\t\t\t\t<div class=\"elementor-post__meta-data\">\n\t\t\t\t\t<span class=\"elementor-post-date\">\n\t\t\tJanuary 24, 2023\t\t<\/span>\n\t\t\t\t<\/div>\n\t\t\t\t\t<\/div>\n\t\t<\/article>\n\t\t\t\t<\/div>\n\t\t\n\t\t\t\t\t\t<\/div>\n\t\t\t\t<\/div>\n\t\t\t\t\t<\/div>\n\t\t<\/div>\n\t\t\t\t\t<\/div>\n\t\t<\/section>\n\t\t\t\t<section class=\"elementor-section elementor-top-section elementor-element elementor-element-a3ba1f5 elementor-section-boxed elementor-section-height-default elementor-section-height-default\" data-id=\"a3ba1f5\" data-element_type=\"section\" data-e-type=\"section\">\n\t\t\t\t\t\t<div class=\"elementor-container elementor-column-gap-default\">\n\t\t\t\t\t<div class=\"elementor-column elementor-col-100 elementor-top-column elementor-element elementor-element-9fba64e\" data-id=\"9fba64e\" data-element_type=\"column\" data-e-type=\"column\">\n\t\t\t<div class=\"elementor-widget-wrap elementor-element-populated\">\n\t\t\t\t\t\t<div class=\"elementor-element elementor-element-9c622f4 elementor-invisible elementor-widget elementor-widget-heading\" data-id=\"9c622f4\" data-element_type=\"widget\" data-e-type=\"widget\" data-settings=\"{&quot;_animation&quot;:&quot;slideInRight&quot;}\" data-widget_type=\"heading.default\">\n\t\t\t\t<div class=\"elementor-widget-container\">\n\t\t\t\t\t<h2 class=\"elementor-heading-title elementor-size-default\">Multimedia\n<\/h2>\t\t\t\t<\/div>\n\t\t\t\t<\/div>\n\t\t\t\t<div class=\"elementor-element elementor-element-14238e2 elementor-widget-divider--view-line elementor-widget elementor-widget-divider\" data-id=\"14238e2\" data-element_type=\"widget\" data-e-type=\"widget\" data-widget_type=\"divider.default\">\n\t\t\t\t<div class=\"elementor-widget-container\">\n\t\t\t\t\t\t\t<div class=\"elementor-divider\">\n\t\t\t<span class=\"elementor-divider-separator\">\n\t\t\t\t\t\t<\/span>\n\t\t<\/div>\n\t\t\t\t\t\t<\/div>\n\t\t\t\t<\/div>\n\t\t\t\t<div class=\"elementor-element elementor-element-743210d elementor-invisible elementor-widget elementor-widget-shortcode\" data-id=\"743210d\" data-element_type=\"widget\" data-e-type=\"widget\" data-settings=\"{&quot;_animation&quot;:&quot;slideInLeft&quot;}\" data-widget_type=\"shortcode.default\">\n\t\t\t\t<div class=\"elementor-widget-container\">\n\t\t\t\t\t\t\t<div class=\"elementor-shortcode\">\n\n<div id=\"sb_youtube_sbyUCdLyJH1znrd8s4E0b2CeeA6\" \n\t class=\"sb_youtube sby_layout_grid sby_col_3 sby_mob_col_1 sby_palette_custom  sby_width_resp\" \n\tdata-feedid=\"sby_UCdL_yJH1znrd8s4E0b2CeeA#6\" \n\tdata-shortcode-atts=\"{&quot;feed&quot;:&quot;1&quot;}\" \n\tdata-cols=\"3\" \n\tdata-colsmobile=\"1\" \n\tdata-num=\"6\" \n\tdata-nummobile=\"6\" \n\tdata-channel-subscribers=\"3.6K subscribers\"\tdata-subscribe-btn=\"1\" \n\tdata-subscribe-btn-text=\"Suscribir\" \n\tdata_channel_header_colors =\"{&quot;channelName&quot;:&quot;&quot;,&quot;subscribeCount&quot;:&quot;&quot;,&quot;buttonBackground&quot;:&quot;&quot;,&quot;buttonText&quot;:&quot;&quot;}\"\n\t data-sby-flags=\"resizeDisable\" data-postid=\"6140\" data-sby-supports-lightbox=\"1\" \n\t data-videocardlayout=\"vertical\" \n>\n\t        <div class=\"sby_items_wrap\" style=\"padding: 5px;\">\n\t\t<div class=\"sby_item  sby_new sby_transition\" id=\"sby_VVVkTF95Skgxem5yZDhzNEUwYjJDZWVBLlFycEVySEFVcHNN\" data-date=\"1777410980\" data-video-id=\"QrpErHAUpsM\">\n    <div class=\"sby_inner_item\">\n        <div class=\"sby_video_thumbnail_wrap sby_item_video_thumbnail_wrap\">\n            <a class=\"sby_video_thumbnail sby_item_video_thumbnail\" href=\"https:\/\/www.youtube.com\/watch?v=QrpErHAUpsM\" target=\"_blank\" rel=\"noopener\" data-full-res=\"https:\/\/i.ytimg.com\/vi\/QrpErHAUpsM\/maxresdefault.jpg\" data-img-src-set=\"{&quot;120&quot;:&quot;https:\\\/\\\/i.ytimg.com\\\/vi\\\/QrpErHAUpsM\\\/default.jpg&quot;,&quot;320&quot;:&quot;https:\\\/\\\/i.ytimg.com\\\/vi\\\/QrpErHAUpsM\\\/mqdefault.jpg&quot;,&quot;480&quot;:&quot;https:\\\/\\\/i.ytimg.com\\\/vi\\\/QrpErHAUpsM\\\/hqdefault.jpg&quot;,&quot;640&quot;:&quot;https:\\\/\\\/i.ytimg.com\\\/vi\\\/QrpErHAUpsM\\\/sddefault.jpg&quot;}\" data-video-id=\"QrpErHAUpsM\" data-video-title=\"Declaraci\u00f3n conjunta entre los ministros de Rep\u00fablica Dominicana y el Reino de Espa\u00f1a\">\n                <img decoding=\"async\" src=\"https:\/\/usa.mirex.gob.do\/consular\/orlando\/wp-content\/plugins\/feeds-for-youtube\/img\/placeholder.png\" alt=\"\">\n\n                <div class=\"sby_thumbnail_hover sby_item_video_thumbnail_hover\">\n                    <div class=\"sby_thumbnail_hover_inner\">\n                                                    <span class=\"sby_video_title\" >Declaraci\u00f3n conjunta entre los ministros de Rep\u00fablica Dominicana y el Reino de Espa\u00f1a<\/span>\n                                            <\/div>\n                <\/div>\n\n                                    <div class=\"sby_play_btn\" >\n                        <span class=\"sby_play_btn_bg\"><\/span>\n                        <svg aria-hidden=\"true\" focusable=\"false\" data-prefix=\"fab\" data-icon=\"youtube\" role=\"img\" xmlns=\"http:\/\/www.w3.org\/2000\/svg\" viewBox=\"0 0 576 512\" class=\"svg-inline--fa fa-youtube fa-w-18\"><path fill=\"currentColor\" d=\"M549.655 124.083c-6.281-23.65-24.787-42.276-48.284-48.597C458.781 64 288 64 288 64S117.22 64 74.629 75.486c-23.497 6.322-42.003 24.947-48.284 48.597-11.412 42.867-11.412 132.305-11.412 132.305s0 89.438 11.412 132.305c6.281 23.65 24.787 41.5 48.284 47.821C117.22 448 288 448 288 448s170.78 0 213.371-11.486c23.497-6.321 42.003-24.171 48.284-47.821 11.412-42.867 11.412-132.305 11.412-132.305s0-89.438-11.412-132.305zm-317.51 213.508V175.185l142.739 81.205-142.739 81.201z\" class=\"\"><\/path><\/svg>                    <\/div>\n                                <span class=\"sby_loader sby_hidden\" style=\"background-color: rgb(255, 255, 255);\"><\/span>\n            <\/a>\n\n                    <\/div>\n    <\/div>\n<\/div><div class=\"sby_item  sby_new sby_transition\" id=\"sby_VVVkTF95Skgxem5yZDhzNEUwYjJDZWVBLmVRN3lYQTB2U2l3\" data-date=\"1776891625\" data-video-id=\"eQ7yXA0vSiw\">\n    <div class=\"sby_inner_item\">\n        <div class=\"sby_video_thumbnail_wrap sby_item_video_thumbnail_wrap\">\n            <a class=\"sby_video_thumbnail sby_item_video_thumbnail\" href=\"https:\/\/www.youtube.com\/watch?v=eQ7yXA0vSiw\" target=\"_blank\" rel=\"noopener\" data-full-res=\"https:\/\/i.ytimg.com\/vi\/eQ7yXA0vSiw\/maxresdefault.jpg\" data-img-src-set=\"{&quot;120&quot;:&quot;https:\\\/\\\/i.ytimg.com\\\/vi\\\/eQ7yXA0vSiw\\\/default.jpg&quot;,&quot;320&quot;:&quot;https:\\\/\\\/i.ytimg.com\\\/vi\\\/eQ7yXA0vSiw\\\/mqdefault.jpg&quot;,&quot;480&quot;:&quot;https:\\\/\\\/i.ytimg.com\\\/vi\\\/eQ7yXA0vSiw\\\/hqdefault.jpg&quot;,&quot;640&quot;:&quot;https:\\\/\\\/i.ytimg.com\\\/vi\\\/eQ7yXA0vSiw\\\/sddefault.jpg&quot;}\" data-video-id=\"eQ7yXA0vSiw\" data-video-title=\"Presidente Abinader recibe Cartas Credenciales de seis nuevos embajadores acreditados en el pa\u00eds\">\n                <img decoding=\"async\" src=\"https:\/\/usa.mirex.gob.do\/consular\/orlando\/wp-content\/plugins\/feeds-for-youtube\/img\/placeholder.png\" alt=\"El presidente Luis Abinader, en compa\u00f1\u00eda de la vicepresidenta Raquel Pe\u00f1a y el canciller Roberto \u00c1lvarez, recibi\u00f3 las Cartas Credenciales de seis nuevos embajadores, quienes quedaron formalmente acreditados ante el Gobierno dominicano.\n\nSe trata de los nuevos representantes de la delegaci\u00f3n de la Republica Italiana, Sergio Maffettone; Confederaci\u00f3n Suiza, Pascal Bornoz; Nueva Zelanda, Nicola Jane Stilwell; Republica de San Marino, Alessandro Mario Segnini Bocchia Di San Lorenzo; Republica de Finlandia, Eija Rotinen y del Reino de Suecia, Anna Kristina Craenen\">\n\n                <div class=\"sby_thumbnail_hover sby_item_video_thumbnail_hover\">\n                    <div class=\"sby_thumbnail_hover_inner\">\n                                                    <span class=\"sby_video_title\" >Presidente Abinader recibe Cartas Credenciales de seis nuevos embajadores acreditados en el pa\u00eds<\/span>\n                                            <\/div>\n                <\/div>\n\n                                    <div class=\"sby_play_btn\" >\n                        <span class=\"sby_play_btn_bg\"><\/span>\n                        <svg aria-hidden=\"true\" focusable=\"false\" data-prefix=\"fab\" data-icon=\"youtube\" role=\"img\" xmlns=\"http:\/\/www.w3.org\/2000\/svg\" viewBox=\"0 0 576 512\" class=\"svg-inline--fa fa-youtube fa-w-18\"><path fill=\"currentColor\" d=\"M549.655 124.083c-6.281-23.65-24.787-42.276-48.284-48.597C458.781 64 288 64 288 64S117.22 64 74.629 75.486c-23.497 6.322-42.003 24.947-48.284 48.597-11.412 42.867-11.412 132.305-11.412 132.305s0 89.438 11.412 132.305c6.281 23.65 24.787 41.5 48.284 47.821C117.22 448 288 448 288 448s170.78 0 213.371-11.486c23.497-6.321 42.003-24.171 48.284-47.821 11.412-42.867 11.412-132.305 11.412-132.305s0-89.438-11.412-132.305zm-317.51 213.508V175.185l142.739 81.205-142.739 81.201z\" class=\"\"><\/path><\/svg>                    <\/div>\n                                <span class=\"sby_loader sby_hidden\" style=\"background-color: rgb(255, 255, 255);\"><\/span>\n            <\/a>\n\n                    <\/div>\n    <\/div>\n<\/div><div class=\"sby_item  sby_new sby_transition\" id=\"sby_VVVkTF95Skgxem5yZDhzNEUwYjJDZWVBLl81OVh4ZUZxMk5z\" data-date=\"1775501940\" data-video-id=\"_59XxeFq2Ns\">\n    <div class=\"sby_inner_item\">\n        <div class=\"sby_video_thumbnail_wrap sby_item_video_thumbnail_wrap\">\n            <a class=\"sby_video_thumbnail sby_item_video_thumbnail\" href=\"https:\/\/www.youtube.com\/watch?v=_59XxeFq2Ns\" target=\"_blank\" rel=\"noopener\" data-full-res=\"https:\/\/i.ytimg.com\/vi\/_59XxeFq2Ns\/maxresdefault.jpg\" data-img-src-set=\"{&quot;120&quot;:&quot;https:\\\/\\\/i.ytimg.com\\\/vi\\\/_59XxeFq2Ns\\\/default.jpg&quot;,&quot;320&quot;:&quot;https:\\\/\\\/i.ytimg.com\\\/vi\\\/_59XxeFq2Ns\\\/mqdefault.jpg&quot;,&quot;480&quot;:&quot;https:\\\/\\\/i.ytimg.com\\\/vi\\\/_59XxeFq2Ns\\\/hqdefault.jpg&quot;,&quot;640&quot;:&quot;https:\\\/\\\/i.ytimg.com\\\/vi\\\/_59XxeFq2Ns\\\/sddefault.jpg&quot;}\" data-video-id=\"_59XxeFq2Ns\" data-video-title=\"152 a\u00f1os al servicio de los intereses de Rep\u00fablica Dominicana en el \u00e1mbito internacional\">\n                <img decoding=\"async\" src=\"https:\/\/usa.mirex.gob.do\/consular\/orlando\/wp-content\/plugins\/feeds-for-youtube\/img\/placeholder.png\" alt=\"152 a\u00f1os al servicio de los intereses de Rep\u00fablica Dominicana en el \u00e1mbito internacional. \ud83c\udde9\ud83c\uddf4\n\nEl pasado 4 de abril conmemoramos un nuevo aniversario de nuestra Canciller\u00eda, una fecha que nos invita no solo a celebrar nuestra historia, sino tambi\u00e9n a renovar el compromiso de servir con integridad y sentido de Estado.\n\nReconocemos la labor de generaciones de diplom\u00e1ticos y servidores p\u00fablicos, y agradecemos a quienes hoy contin\u00faan fortaleciendo esta misi\u00f3n.\">\n\n                <div class=\"sby_thumbnail_hover sby_item_video_thumbnail_hover\">\n                    <div class=\"sby_thumbnail_hover_inner\">\n                                                    <span class=\"sby_video_title\" >152 a\u00f1os al servicio de los intereses de Rep\u00fablica Dominicana en el \u00e1mbito internacional<\/span>\n                                            <\/div>\n                <\/div>\n\n                                    <div class=\"sby_play_btn\" >\n                        <span class=\"sby_play_btn_bg\"><\/span>\n                        <svg aria-hidden=\"true\" focusable=\"false\" data-prefix=\"fab\" data-icon=\"youtube\" role=\"img\" xmlns=\"http:\/\/www.w3.org\/2000\/svg\" viewBox=\"0 0 576 512\" class=\"svg-inline--fa fa-youtube fa-w-18\"><path fill=\"currentColor\" d=\"M549.655 124.083c-6.281-23.65-24.787-42.276-48.284-48.597C458.781 64 288 64 288 64S117.22 64 74.629 75.486c-23.497 6.322-42.003 24.947-48.284 48.597-11.412 42.867-11.412 132.305-11.412 132.305s0 89.438 11.412 132.305c6.281 23.65 24.787 41.5 48.284 47.821C117.22 448 288 448 288 448s170.78 0 213.371-11.486c23.497-6.321 42.003-24.171 48.284-47.821 11.412-42.867 11.412-132.305 11.412-132.305s0-89.438-11.412-132.305zm-317.51 213.508V175.185l142.739 81.205-142.739 81.201z\" class=\"\"><\/path><\/svg>                    <\/div>\n                                <span class=\"sby_loader sby_hidden\" style=\"background-color: rgb(255, 255, 255);\"><\/span>\n            <\/a>\n\n                    <\/div>\n    <\/div>\n<\/div><div class=\"sby_item  sby_new sby_transition\" id=\"sby_VVVkTF95Skgxem5yZDhzNEUwYjJDZWVBLi1ENHA3MWh4RnA4\" data-date=\"1774276009\" data-video-id=\"-D4p71hxFp8\">\n    <div class=\"sby_inner_item\">\n        <div class=\"sby_video_thumbnail_wrap sby_item_video_thumbnail_wrap\">\n            <a class=\"sby_video_thumbnail sby_item_video_thumbnail\" href=\"https:\/\/www.youtube.com\/watch?v=-D4p71hxFp8\" target=\"_blank\" rel=\"noopener\" data-full-res=\"https:\/\/i.ytimg.com\/vi\/-D4p71hxFp8\/maxresdefault.jpg\" data-img-src-set=\"{&quot;120&quot;:&quot;https:\\\/\\\/i.ytimg.com\\\/vi\\\/-D4p71hxFp8\\\/default.jpg&quot;,&quot;320&quot;:&quot;https:\\\/\\\/i.ytimg.com\\\/vi\\\/-D4p71hxFp8\\\/mqdefault.jpg&quot;,&quot;480&quot;:&quot;https:\\\/\\\/i.ytimg.com\\\/vi\\\/-D4p71hxFp8\\\/hqdefault.jpg&quot;,&quot;640&quot;:&quot;https:\\\/\\\/i.ytimg.com\\\/vi\\\/-D4p71hxFp8\\\/sddefault.jpg&quot;}\" data-video-id=\"-D4p71hxFp8\" data-video-title=\"\ud83d\udcf9Descubre algunas de las acciones que fortalecieron la pol\u00edtica exterior dominicana en 2025.\">\n                <img decoding=\"async\" src=\"https:\/\/usa.mirex.gob.do\/consular\/orlando\/wp-content\/plugins\/feeds-for-youtube\/img\/placeholder.png\" alt=\"\ud83d\udcf9Descubre algunas de las acciones que fortalecieron la pol\u00edtica exterior dominicana en 2025. \n\nA trav\u00e9s de estrategias proactivas y orientadas a resultados, en el #MIREX trabajamos arduamente el a\u00f1o pasado para fomentar un multilateralismo efectivo y relaciones bilaterales fortalecidas.\ud83c\udde9\ud83c\uddf4\ud83e\udd1d\ud83c\udf0d\">\n\n                <div class=\"sby_thumbnail_hover sby_item_video_thumbnail_hover\">\n                    <div class=\"sby_thumbnail_hover_inner\">\n                                                    <span class=\"sby_video_title\" >\ud83d\udcf9Descubre algunas de las acciones que fortalecieron la pol\u00edtica exterior dominicana en 2025.<\/span>\n                                            <\/div>\n                <\/div>\n\n                                    <div class=\"sby_play_btn\" >\n                        <span class=\"sby_play_btn_bg\"><\/span>\n                        <svg aria-hidden=\"true\" focusable=\"false\" data-prefix=\"fab\" data-icon=\"youtube\" role=\"img\" xmlns=\"http:\/\/www.w3.org\/2000\/svg\" viewBox=\"0 0 576 512\" class=\"svg-inline--fa fa-youtube fa-w-18\"><path fill=\"currentColor\" d=\"M549.655 124.083c-6.281-23.65-24.787-42.276-48.284-48.597C458.781 64 288 64 288 64S117.22 64 74.629 75.486c-23.497 6.322-42.003 24.947-48.284 48.597-11.412 42.867-11.412 132.305-11.412 132.305s0 89.438 11.412 132.305c6.281 23.65 24.787 41.5 48.284 47.821C117.22 448 288 448 288 448s170.78 0 213.371-11.486c23.497-6.321 42.003-24.171 48.284-47.821 11.412-42.867 11.412-132.305 11.412-132.305s0-89.438-11.412-132.305zm-317.51 213.508V175.185l142.739 81.205-142.739 81.201z\" class=\"\"><\/path><\/svg>                    <\/div>\n                                <span class=\"sby_loader sby_hidden\" style=\"background-color: rgb(255, 255, 255);\"><\/span>\n            <\/a>\n\n                    <\/div>\n    <\/div>\n<\/div><div class=\"sby_item  sby_new sby_transition\" id=\"sby_VVVkTF95Skgxem5yZDhzNEUwYjJDZWVBLkZFTHhiZ0Z1U3dR\" data-date=\"1772482191\" data-video-id=\"FELxbgFuSwQ\">\n    <div class=\"sby_inner_item\">\n        <div class=\"sby_video_thumbnail_wrap sby_item_video_thumbnail_wrap\">\n            <a class=\"sby_video_thumbnail sby_item_video_thumbnail\" href=\"https:\/\/www.youtube.com\/watch?v=FELxbgFuSwQ\" target=\"_blank\" rel=\"noopener\" data-full-res=\"https:\/\/i.ytimg.com\/vi\/FELxbgFuSwQ\/maxresdefault.jpg\" data-img-src-set=\"{&quot;120&quot;:&quot;https:\\\/\\\/i.ytimg.com\\\/vi\\\/FELxbgFuSwQ\\\/default.jpg&quot;,&quot;320&quot;:&quot;https:\\\/\\\/i.ytimg.com\\\/vi\\\/FELxbgFuSwQ\\\/mqdefault.jpg&quot;,&quot;480&quot;:&quot;https:\\\/\\\/i.ytimg.com\\\/vi\\\/FELxbgFuSwQ\\\/hqdefault.jpg&quot;,&quot;640&quot;:&quot;https:\\\/\\\/i.ytimg.com\\\/vi\\\/FELxbgFuSwQ\\\/sddefault.jpg&quot;}\" data-video-id=\"FELxbgFuSwQ\" data-video-title=\"Canciller Roberto \u00c1lvarez orador de la 6ta Edici\u00f3n de la C\u00e1tedra Juan Pablo Duarte del TC.\">\n                <img decoding=\"async\" src=\"https:\/\/usa.mirex.gob.do\/consular\/orlando\/wp-content\/plugins\/feeds-for-youtube\/img\/placeholder.png\" alt=\"El ministro de Relaciones Exteriores, Roberto \u00c1lvarez, fue el orador de la sexta edici\u00f3n de la C\u00e1tedra Juan Pablo Duarte del Tribunal Constitucional, con la conferencia magistral: \u201cSoberan\u00eda, Constituci\u00f3n y derecho internacional: una relaci\u00f3n necesaria\u201d.\n\nEn el evento acad\u00e9mico, que busca promocionar los valores constitucionales, estuvieron presentes el presidente de Tribunal Constitucional, magistrado Napole\u00f3n R. Est\u00e9vez Lavandier; el juez presidente de Tribunal Superior Electoral, Ygnacio Pascual Camacho Hidalgo; el rector de la PUCMM, reverendo padre doctor Secilio Espinal. As\u00ed como, jueces de la Suprema Corte de Justicia, representantes del cuerpo diplom\u00e1tico, de los cuerpos castrense, de la sociedad civil y estudiantes.\n\nAdem\u00e1s, acompa\u00f1aron a canciller, los viceministros del Ministerio de Relaciones Exteriores, Rub\u00e9n Silie, Opinio D\u00edaz, Celin\u00e9s Toribio y directores del #MIREXRD.\">\n\n                <div class=\"sby_thumbnail_hover sby_item_video_thumbnail_hover\">\n                    <div class=\"sby_thumbnail_hover_inner\">\n                                                    <span class=\"sby_video_title\" >Canciller Roberto \u00c1lvarez orador de la 6ta Edici\u00f3n de la C\u00e1tedra Juan Pablo Duarte del TC.<\/span>\n                                            <\/div>\n                <\/div>\n\n                                    <div class=\"sby_play_btn\" >\n                        <span class=\"sby_play_btn_bg\"><\/span>\n                        <svg aria-hidden=\"true\" focusable=\"false\" data-prefix=\"fab\" data-icon=\"youtube\" role=\"img\" xmlns=\"http:\/\/www.w3.org\/2000\/svg\" viewBox=\"0 0 576 512\" class=\"svg-inline--fa fa-youtube fa-w-18\"><path fill=\"currentColor\" d=\"M549.655 124.083c-6.281-23.65-24.787-42.276-48.284-48.597C458.781 64 288 64 288 64S117.22 64 74.629 75.486c-23.497 6.322-42.003 24.947-48.284 48.597-11.412 42.867-11.412 132.305-11.412 132.305s0 89.438 11.412 132.305c6.281 23.65 24.787 41.5 48.284 47.821C117.22 448 288 448 288 448s170.78 0 213.371-11.486c23.497-6.321 42.003-24.171 48.284-47.821 11.412-42.867 11.412-132.305 11.412-132.305s0-89.438-11.412-132.305zm-317.51 213.508V175.185l142.739 81.205-142.739 81.201z\" class=\"\"><\/path><\/svg>                    <\/div>\n                                <span class=\"sby_loader sby_hidden\" style=\"background-color: rgb(255, 255, 255);\"><\/span>\n            <\/a>\n\n                    <\/div>\n    <\/div>\n<\/div><div class=\"sby_item  sby_new sby_transition\" id=\"sby_VVVkTF95Skgxem5yZDhzNEUwYjJDZWVBLkRfb3FyaWg1M3Yw\" data-date=\"1771617047\" data-video-id=\"D_oqrih53v0\">\n    <div class=\"sby_inner_item\">\n        <div class=\"sby_video_thumbnail_wrap sby_item_video_thumbnail_wrap\">\n            <a class=\"sby_video_thumbnail sby_item_video_thumbnail\" href=\"https:\/\/www.youtube.com\/watch?v=D_oqrih53v0\" target=\"_blank\" rel=\"noopener\" data-full-res=\"https:\/\/i.ytimg.com\/vi\/D_oqrih53v0\/maxresdefault.jpg\" data-img-src-set=\"{&quot;120&quot;:&quot;https:\\\/\\\/i.ytimg.com\\\/vi\\\/D_oqrih53v0\\\/default.jpg&quot;,&quot;320&quot;:&quot;https:\\\/\\\/i.ytimg.com\\\/vi\\\/D_oqrih53v0\\\/mqdefault.jpg&quot;,&quot;480&quot;:&quot;https:\\\/\\\/i.ytimg.com\\\/vi\\\/D_oqrih53v0\\\/hqdefault.jpg&quot;,&quot;640&quot;:&quot;https:\\\/\\\/i.ytimg.com\\\/vi\\\/D_oqrih53v0\\\/sddefault.jpg&quot;}\" data-video-id=\"D_oqrih53v0\" data-video-title=\"Entrevista canciller Roberto \u00c1lvarez en Grupo de Medios Corripio\">\n                <img decoding=\"async\" src=\"https:\/\/usa.mirex.gob.do\/consular\/orlando\/wp-content\/plugins\/feeds-for-youtube\/img\/placeholder.png\" alt=\"\">\n\n                <div class=\"sby_thumbnail_hover sby_item_video_thumbnail_hover\">\n                    <div class=\"sby_thumbnail_hover_inner\">\n                                                    <span class=\"sby_video_title\" >Entrevista canciller Roberto \u00c1lvarez en Grupo de Medios Corripio<\/span>\n                                            <\/div>\n                <\/div>\n\n                                    <div class=\"sby_play_btn\" >\n                        <span class=\"sby_play_btn_bg\"><\/span>\n                        <svg aria-hidden=\"true\" focusable=\"false\" data-prefix=\"fab\" data-icon=\"youtube\" role=\"img\" xmlns=\"http:\/\/www.w3.org\/2000\/svg\" viewBox=\"0 0 576 512\" class=\"svg-inline--fa fa-youtube fa-w-18\"><path fill=\"currentColor\" d=\"M549.655 124.083c-6.281-23.65-24.787-42.276-48.284-48.597C458.781 64 288 64 288 64S117.22 64 74.629 75.486c-23.497 6.322-42.003 24.947-48.284 48.597-11.412 42.867-11.412 132.305-11.412 132.305s0 89.438 11.412 132.305c6.281 23.65 24.787 41.5 48.284 47.821C117.22 448 288 448 288 448s170.78 0 213.371-11.486c23.497-6.321 42.003-24.171 48.284-47.821 11.412-42.867 11.412-132.305 11.412-132.305s0-89.438-11.412-132.305zm-317.51 213.508V175.185l142.739 81.205-142.739 81.201z\" class=\"\"><\/path><\/svg>                    <\/div>\n                                <span class=\"sby_loader sby_hidden\" style=\"background-color: rgb(255, 255, 255);\"><\/span>\n            <\/a>\n\n                    <\/div>\n    <\/div>\n<\/div>    <\/div>\n    \n\t<div class=\"sby_footer\">\n\n    <button type=\"button\" aria-label=\"Load more content\" class=\"sby_load_btn\"  >\n        <span class=\"sby_btn_text\" >Ver m\u00e1s...<\/span>\n        <span class=\"sby_loader sby_hidden\" style=\"background-color: rgb(255, 255, 255);\"><\/span>\n    <\/button>\n\n    <span \n        class=\"sby_follow_btn\" \n            >\n        <a \n            href=\"https:\/\/www.youtube.com\/channel\/UCdL_yJH1znrd8s4E0b2CeeA\/\"\n             \n            target=\"_blank\" \n            rel=\"noopener\"\n        >\n            <svg aria-hidden=\"true\" focusable=\"false\" data-prefix=\"fab\" data-icon=\"youtube\" role=\"img\" xmlns=\"http:\/\/www.w3.org\/2000\/svg\" viewBox=\"0 0 576 512\" class=\"svg-inline--fa fa-youtube fa-w-18\"><path fill=\"currentColor\" d=\"M549.655 124.083c-6.281-23.65-24.787-42.276-48.284-48.597C458.781 64 288 64 288 64S117.22 64 74.629 75.486c-23.497 6.322-42.003 24.947-48.284 48.597-11.412 42.867-11.412 132.305-11.412 132.305s0 89.438 11.412 132.305c6.281 23.65 24.787 41.5 48.284 47.821C117.22 448 288 448 288 448s170.78 0 213.371-11.486c23.497-6.321 42.003-24.171 48.284-47.821 11.412-42.867 11.412-132.305 11.412-132.305s0-89.438-11.412-132.305zm-317.51 213.508V175.185l142.739 81.205-142.739 81.201z\" class=\"\"><\/path><\/svg>            <span  >\n                Suscribir            <\/span>\n        <\/a>\n    <\/span>\n<\/div>\n    \n\t\n<\/div>\n\n\t<style type=\"text\/css\">\n\t\t\t\t\t\t\tbody #sb_youtube_sbyUCdLyJH1znrd8s4E0b2CeeA6.sb_youtube.sby_palette_custom .sby_follow_btn a {\n\t\t\tbackground: #003870;\n\t\t}\n    \t\t\tbody #sb_youtube_sbyUCdLyJH1znrd8s4E0b2CeeA6.sb_youtube.sby_palette_custom .sby_footer .sby_load_btn {\n\t\t\tbackground: #EF3340;\n\t\t}\n        <\/style>\n\t<style type=\"text\/css\">body #sb_youtube_sbyUCdLyJH1znrd8s4E0b2CeeA6 .sby_caption_wrap .sby_caption { font-size: 13px !important}body #sb_youtube_sbyUCdLyJH1znrd8s4E0b2CeeA6 .sby_follow_btn a:hover { box-shadow:inset 0 0 10px 20px #0072CF !important}body #sb_youtube_sbyUCdLyJH1znrd8s4E0b2CeeA6[data-videostyle=boxed] .sby_items_wrap .sby_item .sby_inner_item { background-color: #ffffff !important}<\/style><\/div>\n\t\t\t\t\t\t<\/div>\n\t\t\t\t<\/div>\n\t\t\t\t\t<\/div>\n\t\t<\/div>\n\t\t\t\t\t<\/div>\n\t\t<\/section>\n\t\t\t\t<\/div>\n\t\t","protected":false},"excerpt":{"rendered":"<p>E-TICKET Formulario obligatorio para entrada y salida de la Rep\u00fablica Dominicana \u00a1Ahorra tiempo! \u00a1Ll\u00e9nalo aqui! Servicios Pasaportes Expedici\u00f3n Visa Legalizaci\u00f3n Certificaciones Nacimiento Poderes Notariales Ver todos \u00daltimas Noticias Multimedia<\/p>\n","protected":false},"author":1,"featured_media":0,"parent":0,"menu_order":0,"comment_status":"closed","ping_status":"closed","template":"","meta":{"site-sidebar-layout":"no-sidebar","site-content-layout":"page-builder","ast-site-content-layout":"default","site-content-style":"default","site-sidebar-style":"default","ast-global-header-display":"","ast-banner-title-visibility":"","ast-main-header-display":"","ast-hfb-above-header-display":"","ast-hfb-below-header-display":"","ast-hfb-mobile-header-display":"","site-post-title":"disabled","ast-breadcrumbs-content":"","ast-featured-img":"disabled","footer-sml-layout":"","ast-disable-related-posts":"","theme-transparent-header-meta":"default","adv-header-id-meta":"","stick-header-meta":"","header-above-stick-meta":"","header-main-stick-meta":"","header-below-stick-meta":"","astra-migrate-meta-layouts":"default","ast-page-background-enabled":"default","ast-page-background-meta":{"desktop":{"background-color":"","background-image":"","background-repeat":"repeat","background-position":"center center","background-size":"auto","background-attachment":"scroll","background-type":"","background-media":"","overlay-type":"","overlay-color":"","overlay-opacity":"","overlay-gradient":""},"tablet":{"background-color":"","background-image":"","background-repeat":"repeat","background-position":"center center","background-size":"auto","background-attachment":"scroll","background-type":"","background-media":"","overlay-type":"","overlay-color":"","overlay-opacity":"","overlay-gradient":""},"mobile":{"background-color":"","background-image":"","background-repeat":"repeat","background-position":"center center","background-size":"auto","background-attachment":"scroll","background-type":"","background-media":"","overlay-type":"","overlay-color":"","overlay-opacity":"","overlay-gradient":""}},"ast-content-background-meta":{"desktop":{"background-color":"var(--ast-global-color-5)","background-image":"","background-repeat":"repeat","background-position":"center center","background-size":"auto","background-attachment":"scroll","background-type":"","background-media":"","overlay-type":"","overlay-color":"","overlay-opacity":"","overlay-gradient":""},"tablet":{"background-color":"var(--ast-global-color-5)","background-image":"","background-repeat":"repeat","background-position":"center center","background-size":"auto","background-attachment":"scroll","background-type":"","background-media":"","overlay-type":"","overlay-color":"","overlay-opacity":"","overlay-gradient":""},"mobile":{"background-color":"var(--ast-global-color-5)","background-image":"","background-repeat":"repeat","background-position":"center center","background-size":"auto","background-attachment":"scroll","background-type":"","background-media":"","overlay-type":"","overlay-color":"","overlay-opacity":"","overlay-gradient":""}},"footnotes":""},"categories":[],"tags":[],"class_list":["post-13","page","type-page","status-publish","hentry"],"yoast_head":"<!-- This site is optimized with the Yoast SEO plugin v27.4 - https:\/\/yoast.com\/product\/yoast-seo-wordpress\/ -->\n<title>Inicio - Consulado General de la Rep\u00fablica Dominicana en Orlando, Florida, EE. UU.<\/title>\n<meta name=\"robots\" content=\"index, follow, max-snippet:-1, max-image-preview:large, max-video-preview:-1\" \/>\n<link rel=\"canonical\" href=\"https:\/\/usa.mirex.gob.do\/consular\/orlando\/\" \/>\n<meta property=\"og:locale\" content=\"en_US\" \/>\n<meta property=\"og:type\" content=\"article\" \/>\n<meta property=\"og:title\" content=\"Inicio - Consulado General de la Rep\u00fablica Dominicana en Orlando, Florida, EE. UU.\" \/>\n<meta property=\"og:description\" content=\"E-TICKET Formulario obligatorio para entrada y salida de la Rep\u00fablica Dominicana \u00a1Ahorra tiempo! \u00a1Ll\u00e9nalo aqui! Servicios Pasaportes Expedici\u00f3n Visa Legalizaci\u00f3n Certificaciones Nacimiento Poderes Notariales Ver todos \u00daltimas Noticias Multimedia\" \/>\n<meta property=\"og:url\" content=\"https:\/\/usa.mirex.gob.do\/consular\/orlando\/\" \/>\n<meta property=\"og:site_name\" content=\"Consulado General de la Rep\u00fablica Dominicana en Orlando, Florida, EE. UU.\" \/>\n<meta property=\"article:modified_time\" content=\"2024-02-14T17:51:02+00:00\" \/>\n<meta property=\"og:image\" content=\"https:\/\/usa.mirex.gob.do\/consular\/orlando\/wp-content\/uploads\/2022\/06\/auth-image.png\" \/>\n<meta name=\"twitter:card\" content=\"summary_large_image\" \/>\n<meta name=\"twitter:label1\" content=\"Est. reading time\" \/>\n\t<meta name=\"twitter:data1\" content=\"3 minutes\" \/>\n<script type=\"application\/ld+json\" class=\"yoast-schema-graph\">{\"@context\":\"https:\\\/\\\/schema.org\",\"@graph\":[{\"@type\":\"WebPage\",\"@id\":\"https:\\\/\\\/usa.mirex.gob.do\\\/consular\\\/orlando\\\/\",\"url\":\"https:\\\/\\\/usa.mirex.gob.do\\\/consular\\\/orlando\\\/\",\"name\":\"Inicio - Consulado General de la Rep\u00fablica Dominicana en Orlando, Florida, EE. UU.\",\"isPartOf\":{\"@id\":\"https:\\\/\\\/usa.mirex.gob.do\\\/consular\\\/orlando\\\/#website\"},\"primaryImageOfPage\":{\"@id\":\"https:\\\/\\\/usa.mirex.gob.do\\\/consular\\\/orlando\\\/#primaryimage\"},\"image\":{\"@id\":\"https:\\\/\\\/usa.mirex.gob.do\\\/consular\\\/orlando\\\/#primaryimage\"},\"thumbnailUrl\":\"https:\\\/\\\/usa.mirex.gob.do\\\/consular\\\/orlando\\\/wp-content\\\/uploads\\\/2022\\\/06\\\/auth-image.png\",\"datePublished\":\"2021-07-09T16:00:06+00:00\",\"dateModified\":\"2024-02-14T17:51:02+00:00\",\"breadcrumb\":{\"@id\":\"https:\\\/\\\/usa.mirex.gob.do\\\/consular\\\/orlando\\\/#breadcrumb\"},\"inLanguage\":\"en-US\",\"potentialAction\":[{\"@type\":\"ReadAction\",\"target\":[\"https:\\\/\\\/usa.mirex.gob.do\\\/consular\\\/orlando\\\/\"]}]},{\"@type\":\"ImageObject\",\"inLanguage\":\"en-US\",\"@id\":\"https:\\\/\\\/usa.mirex.gob.do\\\/consular\\\/orlando\\\/#primaryimage\",\"url\":\"https:\\\/\\\/usa.mirex.gob.do\\\/consular\\\/orlando\\\/wp-content\\\/uploads\\\/2022\\\/06\\\/auth-image.png\",\"contentUrl\":\"https:\\\/\\\/usa.mirex.gob.do\\\/consular\\\/orlando\\\/wp-content\\\/uploads\\\/2022\\\/06\\\/auth-image.png\",\"width\":801,\"height\":418},{\"@type\":\"BreadcrumbList\",\"@id\":\"https:\\\/\\\/usa.mirex.gob.do\\\/consular\\\/orlando\\\/#breadcrumb\",\"itemListElement\":[{\"@type\":\"ListItem\",\"position\":1,\"name\":\"Inicio\",\"item\":\"https:\\\/\\\/usa.mirex.gob.do\\\/consular\\\/orlando\\\/\"},{\"@type\":\"ListItem\",\"position\":2,\"name\":\"Inicio\"}]},{\"@type\":\"WebSite\",\"@id\":\"https:\\\/\\\/usa.mirex.gob.do\\\/consular\\\/orlando\\\/#website\",\"url\":\"https:\\\/\\\/usa.mirex.gob.do\\\/consular\\\/orlando\\\/\",\"name\":\"Consulado General de la Rep\u00fablica Dominicana en Orlando, Florida, EE. UU.\",\"description\":\"\",\"publisher\":{\"@id\":\"https:\\\/\\\/usa.mirex.gob.do\\\/consular\\\/orlando\\\/#organization\"},\"potentialAction\":[{\"@type\":\"SearchAction\",\"target\":{\"@type\":\"EntryPoint\",\"urlTemplate\":\"https:\\\/\\\/usa.mirex.gob.do\\\/consular\\\/orlando\\\/?s={search_term_string}\"},\"query-input\":{\"@type\":\"PropertyValueSpecification\",\"valueRequired\":true,\"valueName\":\"search_term_string\"}}],\"inLanguage\":\"en-US\"},{\"@type\":\"Organization\",\"@id\":\"https:\\\/\\\/usa.mirex.gob.do\\\/consular\\\/orlando\\\/#organization\",\"name\":\"Consulado General de la Rep\u00fablica Dominicana en Orlando, Florida, EE. UU.\",\"url\":\"https:\\\/\\\/usa.mirex.gob.do\\\/consular\\\/orlando\\\/\",\"logo\":{\"@type\":\"ImageObject\",\"inLanguage\":\"en-US\",\"@id\":\"https:\\\/\\\/usa.mirex.gob.do\\\/consular\\\/orlando\\\/#\\\/schema\\\/logo\\\/image\\\/\",\"url\":\"https:\\\/\\\/usa.mirex.gob.do\\\/consular\\\/orlando\\\/wp-content\\\/uploads\\\/2022\\\/08\\\/CONSULADO-GENERAL-ORLANDO-FLORIDA-04.png\",\"contentUrl\":\"https:\\\/\\\/usa.mirex.gob.do\\\/consular\\\/orlando\\\/wp-content\\\/uploads\\\/2022\\\/08\\\/CONSULADO-GENERAL-ORLANDO-FLORIDA-04.png\",\"width\":4163,\"height\":1789,\"caption\":\"Consulado General de la Rep\u00fablica Dominicana en Orlando, Florida, EE. UU.\"},\"image\":{\"@id\":\"https:\\\/\\\/usa.mirex.gob.do\\\/consular\\\/orlando\\\/#\\\/schema\\\/logo\\\/image\\\/\"}}]}<\/script>\n<!-- \/ Yoast SEO plugin. -->","yoast_head_json":{"title":"Inicio - Consulado General de la Rep\u00fablica Dominicana en Orlando, Florida, EE. UU.","robots":{"index":"index","follow":"follow","max-snippet":"max-snippet:-1","max-image-preview":"max-image-preview:large","max-video-preview":"max-video-preview:-1"},"canonical":"https:\/\/usa.mirex.gob.do\/consular\/orlando\/","og_locale":"en_US","og_type":"article","og_title":"Inicio - Consulado General de la Rep\u00fablica Dominicana en Orlando, Florida, EE. UU.","og_description":"E-TICKET Formulario obligatorio para entrada y salida de la Rep\u00fablica Dominicana \u00a1Ahorra tiempo! \u00a1Ll\u00e9nalo aqui! Servicios Pasaportes Expedici\u00f3n Visa Legalizaci\u00f3n Certificaciones Nacimiento Poderes Notariales Ver todos \u00daltimas Noticias Multimedia","og_url":"https:\/\/usa.mirex.gob.do\/consular\/orlando\/","og_site_name":"Consulado General de la Rep\u00fablica Dominicana en Orlando, Florida, EE. UU.","article_modified_time":"2024-02-14T17:51:02+00:00","og_image":[{"url":"https:\/\/usa.mirex.gob.do\/consular\/orlando\/wp-content\/uploads\/2022\/06\/auth-image.png","type":"","width":"","height":""}],"twitter_card":"summary_large_image","twitter_misc":{"Est. reading time":"3 minutes"},"schema":{"@context":"https:\/\/schema.org","@graph":[{"@type":"WebPage","@id":"https:\/\/usa.mirex.gob.do\/consular\/orlando\/","url":"https:\/\/usa.mirex.gob.do\/consular\/orlando\/","name":"Inicio - Consulado General de la Rep\u00fablica Dominicana en Orlando, Florida, EE. UU.","isPartOf":{"@id":"https:\/\/usa.mirex.gob.do\/consular\/orlando\/#website"},"primaryImageOfPage":{"@id":"https:\/\/usa.mirex.gob.do\/consular\/orlando\/#primaryimage"},"image":{"@id":"https:\/\/usa.mirex.gob.do\/consular\/orlando\/#primaryimage"},"thumbnailUrl":"https:\/\/usa.mirex.gob.do\/consular\/orlando\/wp-content\/uploads\/2022\/06\/auth-image.png","datePublished":"2021-07-09T16:00:06+00:00","dateModified":"2024-02-14T17:51:02+00:00","breadcrumb":{"@id":"https:\/\/usa.mirex.gob.do\/consular\/orlando\/#breadcrumb"},"inLanguage":"en-US","potentialAction":[{"@type":"ReadAction","target":["https:\/\/usa.mirex.gob.do\/consular\/orlando\/"]}]},{"@type":"ImageObject","inLanguage":"en-US","@id":"https:\/\/usa.mirex.gob.do\/consular\/orlando\/#primaryimage","url":"https:\/\/usa.mirex.gob.do\/consular\/orlando\/wp-content\/uploads\/2022\/06\/auth-image.png","contentUrl":"https:\/\/usa.mirex.gob.do\/consular\/orlando\/wp-content\/uploads\/2022\/06\/auth-image.png","width":801,"height":418},{"@type":"BreadcrumbList","@id":"https:\/\/usa.mirex.gob.do\/consular\/orlando\/#breadcrumb","itemListElement":[{"@type":"ListItem","position":1,"name":"Inicio","item":"https:\/\/usa.mirex.gob.do\/consular\/orlando\/"},{"@type":"ListItem","position":2,"name":"Inicio"}]},{"@type":"WebSite","@id":"https:\/\/usa.mirex.gob.do\/consular\/orlando\/#website","url":"https:\/\/usa.mirex.gob.do\/consular\/orlando\/","name":"Consulado General de la Rep\u00fablica Dominicana en Orlando, Florida, EE. UU.","description":"","publisher":{"@id":"https:\/\/usa.mirex.gob.do\/consular\/orlando\/#organization"},"potentialAction":[{"@type":"SearchAction","target":{"@type":"EntryPoint","urlTemplate":"https:\/\/usa.mirex.gob.do\/consular\/orlando\/?s={search_term_string}"},"query-input":{"@type":"PropertyValueSpecification","valueRequired":true,"valueName":"search_term_string"}}],"inLanguage":"en-US"},{"@type":"Organization","@id":"https:\/\/usa.mirex.gob.do\/consular\/orlando\/#organization","name":"Consulado General de la Rep\u00fablica Dominicana en Orlando, Florida, EE. UU.","url":"https:\/\/usa.mirex.gob.do\/consular\/orlando\/","logo":{"@type":"ImageObject","inLanguage":"en-US","@id":"https:\/\/usa.mirex.gob.do\/consular\/orlando\/#\/schema\/logo\/image\/","url":"https:\/\/usa.mirex.gob.do\/consular\/orlando\/wp-content\/uploads\/2022\/08\/CONSULADO-GENERAL-ORLANDO-FLORIDA-04.png","contentUrl":"https:\/\/usa.mirex.gob.do\/consular\/orlando\/wp-content\/uploads\/2022\/08\/CONSULADO-GENERAL-ORLANDO-FLORIDA-04.png","width":4163,"height":1789,"caption":"Consulado General de la Rep\u00fablica Dominicana en Orlando, Florida, EE. UU."},"image":{"@id":"https:\/\/usa.mirex.gob.do\/consular\/orlando\/#\/schema\/logo\/image\/"}}]}},"_links":{"self":[{"href":"https:\/\/usa.mirex.gob.do\/consular\/orlando\/wp-json\/wp\/v2\/pages\/13","targetHints":{"allow":["GET"]}}],"collection":[{"href":"https:\/\/usa.mirex.gob.do\/consular\/orlando\/wp-json\/wp\/v2\/pages"}],"about":[{"href":"https:\/\/usa.mirex.gob.do\/consular\/orlando\/wp-json\/wp\/v2\/types\/page"}],"author":[{"embeddable":true,"href":"https:\/\/usa.mirex.gob.do\/consular\/orlando\/wp-json\/wp\/v2\/users\/1"}],"replies":[{"embeddable":true,"href":"https:\/\/usa.mirex.gob.do\/consular\/orlando\/wp-json\/wp\/v2\/comments?post=13"}],"version-history":[{"count":1233,"href":"https:\/\/usa.mirex.gob.do\/consular\/orlando\/wp-json\/wp\/v2\/pages\/13\/revisions"}],"predecessor-version":[{"id":6251,"href":"https:\/\/usa.mirex.gob.do\/consular\/orlando\/wp-json\/wp\/v2\/pages\/13\/revisions\/6251"}],"wp:attachment":[{"href":"https:\/\/usa.mirex.gob.do\/consular\/orlando\/wp-json\/wp\/v2\/media?parent=13"}],"wp:term":[{"taxonomy":"category","embeddable":true,"href":"https:\/\/usa.mirex.gob.do\/consular\/orlando\/wp-json\/wp\/v2\/categories?post=13"},{"taxonomy":"post_tag","embeddable":true,"href":"https:\/\/usa.mirex.gob.do\/consular\/orlando\/wp-json\/wp\/v2\/tags?post=13"}],"curies":[{"name":"wp","href":"https:\/\/api.w.org\/{rel}","templated":true}]}}